{"id":192,"date":"2024-10-04T22:27:42","date_gmt":"2024-10-04T22:27:42","guid":{"rendered":"https:\/\/www.foto-tichy.cz\/?page_id=192"},"modified":"2025-12-04T02:11:23","modified_gmt":"2025-12-04T02:11:23","slug":"atelier-2","status":"publish","type":"page","link":"https:\/\/www.foto-tichy.cz\/?page_id=192","title":{"rendered":"Atelier"},"content":{"rendered":"\n<h3 class=\"wp-block-heading has-text-align-left\"><strong>Kalend\u00e1\u0159 voln\u00fdch term\u00edn\u016f<\/strong><\/h3>\n\n\n<p><iframe loading=\"lazy\" style=\"border: 0;\" src=\"https:\/\/calendar.google.com\/calendar\/embed?src=i9d7adddqe8ci17lmn2ahvup7g%40group.calendar.google.com&amp;ctz=Europe%2FPrague\" width=\"800\" height=\"600\" frameborder=\"0\" scrolling=\"no\"><\/iframe><\/p>\n\n\n<h3 class=\"wp-block-heading\"><strong>Ateli\u00e9rov\u00e9 focen\u00ed<\/strong><\/h3>\n\n\n\n<p>Ateli\u00e9r je m\u00edsto, kde se potk\u00e1v\u00e1 sv\u011btlo, n\u00e1lada a osobnost.<br>Fot\u00edm v n\u011bm u\u017e v\u00edc ne\u017e 20 let \u2013 rodiny, jednotlivce i p\u00e1ry. Ka\u017ed\u00e9 focen\u00ed je jin\u00e9, proto\u017ee ka\u017ed\u00fd \u010dlov\u011bk p\u0159in\u00e1\u0161\u00ed sv\u016fj p\u0159\u00edb\u011bh a energii.<\/p>\n\n\n\n<p>Focen\u00ed m\u016f\u017ee b\u00fdt klidn\u00e9 a rodinn\u00e9, osobn\u00ed portr\u00e9t pro v\u00e1s samotn\u00e9 nebo jemn\u00fd boudoir s d\u016frazem na estetiku a vkus.<br>Sc\u00e9ny i kompozice pravideln\u011b obm\u011b\u0148uji, aby ka\u017ed\u00e9 focen\u00ed m\u011blo sv\u016fj vlastn\u00ed charakter. Neust\u00e1le se u\u010d\u00edm a posouv\u00e1m \u2013 proto\u017ee dobr\u00e1 fotografie vznik\u00e1 z kombinace zku\u0161enosti, sv\u011btla a vn\u00edm\u00e1n\u00ed.<\/p>\n\n\n\n<h3 class=\"wp-block-heading\">V\u00e1no\u010dn\u00ed ateliery<\/h3>\n\n\n\n<div class=\"wp-block-glsb-gosign-gallery-box-block gosign-gallery-box-block-container\"><div class=\"gosign-gallery-box-block\" data-slick=\"{&quot;slidesToShow&quot;:1,&quot;slidesToScroll&quot;:1,&quot;arrows&quot;:false,&quot;dots&quot;:false,&quot;speed&quot;:500,&quot;infinite&quot;:true,&quot;autoplay&quot;:true,&quot;autoplaySpeed&quot;:2000}\"><div class=\"gallery-box-item\"><img loading=\"lazy\" decoding=\"async\" width=\"1024\" height=\"683\" src=\"http:\/\/www.foto-tichy.cz\/wp-content\/uploads\/2025\/12\/5R0A2410_1-1024x683.jpg\" alt=\"\" data-id=\"890\" data-link=\"https:\/\/www.foto-tichy.cz\/?attachment_id=890\" class=\"wp-image-890\" srcset=\"https:\/\/www.foto-tichy.cz\/wp-content\/uploads\/2025\/12\/5R0A2410_1-1024x683.jpg 1024w, https:\/\/www.foto-tichy.cz\/wp-content\/uploads\/2025\/12\/5R0A2410_1-300x200.jpg 300w, https:\/\/www.foto-tichy.cz\/wp-content\/uploads\/2025\/12\/5R0A2410_1-768x512.jpg 768w, https:\/\/www.foto-tichy.cz\/wp-content\/uploads\/2025\/12\/5R0A2410_1.jpg 1200w\" sizes=\"auto, (max-width: 1024px) 100vw, 1024px\" \/><\/div><div class=\"gallery-box-item\"><img loading=\"lazy\" decoding=\"async\" width=\"1024\" height=\"683\" src=\"http:\/\/www.foto-tichy.cz\/wp-content\/uploads\/2025\/12\/Pori_042_Van3-1024x683.jpg\" alt=\"\" data-id=\"896\" data-link=\"https:\/\/www.foto-tichy.cz\/?attachment_id=896\" class=\"wp-image-896\" srcset=\"https:\/\/www.foto-tichy.cz\/wp-content\/uploads\/2025\/12\/Pori_042_Van3-1024x683.jpg 1024w, https:\/\/www.foto-tichy.cz\/wp-content\/uploads\/2025\/12\/Pori_042_Van3-300x200.jpg 300w, https:\/\/www.foto-tichy.cz\/wp-content\/uploads\/2025\/12\/Pori_042_Van3-768x512.jpg 768w, https:\/\/www.foto-tichy.cz\/wp-content\/uploads\/2025\/12\/Pori_042_Van3.jpg 1200w\" sizes=\"auto, (max-width: 1024px) 100vw, 1024px\" \/><\/div><div class=\"gallery-box-item\"><img loading=\"lazy\" decoding=\"async\" width=\"1024\" height=\"683\" src=\"http:\/\/www.foto-tichy.cz\/wp-content\/uploads\/2025\/12\/5R0A2580_1-1024x683.jpg\" alt=\"\" data-id=\"892\" data-link=\"https:\/\/www.foto-tichy.cz\/?attachment_id=892\" class=\"wp-image-892\" srcset=\"https:\/\/www.foto-tichy.cz\/wp-content\/uploads\/2025\/12\/5R0A2580_1-1024x683.jpg 1024w, https:\/\/www.foto-tichy.cz\/wp-content\/uploads\/2025\/12\/5R0A2580_1-300x200.jpg 300w, https:\/\/www.foto-tichy.cz\/wp-content\/uploads\/2025\/12\/5R0A2580_1-768x512.jpg 768w, https:\/\/www.foto-tichy.cz\/wp-content\/uploads\/2025\/12\/5R0A2580_1.jpg 1200w\" sizes=\"auto, (max-width: 1024px) 100vw, 1024px\" \/><\/div><div class=\"gallery-box-item\"><img loading=\"lazy\" decoding=\"async\" width=\"1024\" height=\"683\" src=\"http:\/\/www.foto-tichy.cz\/wp-content\/uploads\/2025\/12\/5R0A2162_1-1024x683.jpg\" alt=\"\" data-id=\"887\" data-link=\"https:\/\/www.foto-tichy.cz\/?attachment_id=887\" class=\"wp-image-887\" srcset=\"https:\/\/www.foto-tichy.cz\/wp-content\/uploads\/2025\/12\/5R0A2162_1-1024x683.jpg 1024w, https:\/\/www.foto-tichy.cz\/wp-content\/uploads\/2025\/12\/5R0A2162_1-300x200.jpg 300w, https:\/\/www.foto-tichy.cz\/wp-content\/uploads\/2025\/12\/5R0A2162_1-768x512.jpg 768w, https:\/\/www.foto-tichy.cz\/wp-content\/uploads\/2025\/12\/5R0A2162_1.jpg 1200w\" sizes=\"auto, (max-width: 1024px) 100vw, 1024px\" \/><\/div><div class=\"gallery-box-item\"><img loading=\"lazy\" decoding=\"async\" width=\"1024\" height=\"683\" src=\"http:\/\/www.foto-tichy.cz\/wp-content\/uploads\/2025\/12\/Hru_127-1024x683.jpg\" alt=\"\" data-id=\"895\" data-link=\"https:\/\/www.foto-tichy.cz\/?attachment_id=895\" class=\"wp-image-895\" srcset=\"https:\/\/www.foto-tichy.cz\/wp-content\/uploads\/2025\/12\/Hru_127-1024x683.jpg 1024w, https:\/\/www.foto-tichy.cz\/wp-content\/uploads\/2025\/12\/Hru_127-300x200.jpg 300w, https:\/\/www.foto-tichy.cz\/wp-content\/uploads\/2025\/12\/Hru_127-768x512.jpg 768w, https:\/\/www.foto-tichy.cz\/wp-content\/uploads\/2025\/12\/Hru_127.jpg 1200w\" sizes=\"auto, (max-width: 1024px) 100vw, 1024px\" \/><\/div><div class=\"gallery-box-item\"><img loading=\"lazy\" decoding=\"async\" width=\"1024\" height=\"683\" src=\"http:\/\/www.foto-tichy.cz\/wp-content\/uploads\/2025\/12\/Pori_085_Van2-1024x683.jpg\" alt=\"\" data-id=\"897\" data-link=\"https:\/\/www.foto-tichy.cz\/?attachment_id=897\" class=\"wp-image-897\" srcset=\"https:\/\/www.foto-tichy.cz\/wp-content\/uploads\/2025\/12\/Pori_085_Van2-1024x683.jpg 1024w, https:\/\/www.foto-tichy.cz\/wp-content\/uploads\/2025\/12\/Pori_085_Van2-300x200.jpg 300w, https:\/\/www.foto-tichy.cz\/wp-content\/uploads\/2025\/12\/Pori_085_Van2-768x512.jpg 768w, https:\/\/www.foto-tichy.cz\/wp-content\/uploads\/2025\/12\/Pori_085_Van2.jpg 1200w\" sizes=\"auto, (max-width: 1024px) 100vw, 1024px\" \/><\/div><div class=\"gallery-box-item\"><img loading=\"lazy\" decoding=\"async\" width=\"1024\" height=\"683\" src=\"http:\/\/www.foto-tichy.cz\/wp-content\/uploads\/2025\/12\/Pori_112_Van3-1024x683.jpg\" alt=\"\" data-id=\"898\" data-link=\"https:\/\/www.foto-tichy.cz\/?attachment_id=898\" class=\"wp-image-898\" srcset=\"https:\/\/www.foto-tichy.cz\/wp-content\/uploads\/2025\/12\/Pori_112_Van3-1024x683.jpg 1024w, https:\/\/www.foto-tichy.cz\/wp-content\/uploads\/2025\/12\/Pori_112_Van3-300x200.jpg 300w, https:\/\/www.foto-tichy.cz\/wp-content\/uploads\/2025\/12\/Pori_112_Van3-768x512.jpg 768w, https:\/\/www.foto-tichy.cz\/wp-content\/uploads\/2025\/12\/Pori_112_Van3.jpg 1200w\" sizes=\"auto, (max-width: 1024px) 100vw, 1024px\" \/><\/div><\/div><div class=\"gosign-gallery-box-thumbnail\" data-slick=\"{&quot;slidesToShow&quot;:3,&quot;slidesToScroll&quot;:1,&quot;arrows&quot;:false,&quot;dots&quot;:false,&quot;infinite&quot;:true,&quot;autoplay&quot;:true,&quot;autoplaySpeed&quot;:2000,&quot;asNavFor&quot;:&quot;.gosign-gallery-box-block&quot;,&quot;focusOnSelect&quot;:true,&quot;variableWidth&quot;:true}\"><div class=\"gallery-thumbnail-item\"><img loading=\"lazy\" decoding=\"async\" width=\"1024\" height=\"683\" src=\"http:\/\/www.foto-tichy.cz\/wp-content\/uploads\/2025\/12\/5R0A2410_1-1024x683.jpg\" alt=\"\" data-id=\"890\" data-link=\"https:\/\/www.foto-tichy.cz\/?attachment_id=890\" class=\"wp-image-890\" srcset=\"https:\/\/www.foto-tichy.cz\/wp-content\/uploads\/2025\/12\/5R0A2410_1-1024x683.jpg 1024w, https:\/\/www.foto-tichy.cz\/wp-content\/uploads\/2025\/12\/5R0A2410_1-300x200.jpg 300w, https:\/\/www.foto-tichy.cz\/wp-content\/uploads\/2025\/12\/5R0A2410_1-768x512.jpg 768w, https:\/\/www.foto-tichy.cz\/wp-content\/uploads\/2025\/12\/5R0A2410_1.jpg 1200w\" sizes=\"auto, (max-width: 1024px) 100vw, 1024px\" \/><\/div><div class=\"gallery-thumbnail-item\"><img loading=\"lazy\" decoding=\"async\" width=\"1024\" height=\"683\" src=\"http:\/\/www.foto-tichy.cz\/wp-content\/uploads\/2025\/12\/Pori_042_Van3-1024x683.jpg\" alt=\"\" data-id=\"896\" data-link=\"https:\/\/www.foto-tichy.cz\/?attachment_id=896\" class=\"wp-image-896\" srcset=\"https:\/\/www.foto-tichy.cz\/wp-content\/uploads\/2025\/12\/Pori_042_Van3-1024x683.jpg 1024w, https:\/\/www.foto-tichy.cz\/wp-content\/uploads\/2025\/12\/Pori_042_Van3-300x200.jpg 300w, https:\/\/www.foto-tichy.cz\/wp-content\/uploads\/2025\/12\/Pori_042_Van3-768x512.jpg 768w, https:\/\/www.foto-tichy.cz\/wp-content\/uploads\/2025\/12\/Pori_042_Van3.jpg 1200w\" sizes=\"auto, (max-width: 1024px) 100vw, 1024px\" \/><\/div><div class=\"gallery-thumbnail-item\"><img loading=\"lazy\" decoding=\"async\" width=\"1024\" height=\"683\" src=\"http:\/\/www.foto-tichy.cz\/wp-content\/uploads\/2025\/12\/5R0A2580_1-1024x683.jpg\" alt=\"\" data-id=\"892\" data-link=\"https:\/\/www.foto-tichy.cz\/?attachment_id=892\" class=\"wp-image-892\" srcset=\"https:\/\/www.foto-tichy.cz\/wp-content\/uploads\/2025\/12\/5R0A2580_1-1024x683.jpg 1024w, https:\/\/www.foto-tichy.cz\/wp-content\/uploads\/2025\/12\/5R0A2580_1-300x200.jpg 300w, https:\/\/www.foto-tichy.cz\/wp-content\/uploads\/2025\/12\/5R0A2580_1-768x512.jpg 768w, https:\/\/www.foto-tichy.cz\/wp-content\/uploads\/2025\/12\/5R0A2580_1.jpg 1200w\" sizes=\"auto, (max-width: 1024px) 100vw, 1024px\" \/><\/div><div class=\"gallery-thumbnail-item\"><img loading=\"lazy\" decoding=\"async\" width=\"1024\" height=\"683\" src=\"http:\/\/www.foto-tichy.cz\/wp-content\/uploads\/2025\/12\/5R0A2162_1-1024x683.jpg\" alt=\"\" data-id=\"887\" data-link=\"https:\/\/www.foto-tichy.cz\/?attachment_id=887\" class=\"wp-image-887\" srcset=\"https:\/\/www.foto-tichy.cz\/wp-content\/uploads\/2025\/12\/5R0A2162_1-1024x683.jpg 1024w, https:\/\/www.foto-tichy.cz\/wp-content\/uploads\/2025\/12\/5R0A2162_1-300x200.jpg 300w, https:\/\/www.foto-tichy.cz\/wp-content\/uploads\/2025\/12\/5R0A2162_1-768x512.jpg 768w, https:\/\/www.foto-tichy.cz\/wp-content\/uploads\/2025\/12\/5R0A2162_1.jpg 1200w\" sizes=\"auto, (max-width: 1024px) 100vw, 1024px\" \/><\/div><div class=\"gallery-thumbnail-item\"><img loading=\"lazy\" decoding=\"async\" width=\"1024\" height=\"683\" src=\"http:\/\/www.foto-tichy.cz\/wp-content\/uploads\/2025\/12\/Hru_127-1024x683.jpg\" alt=\"\" data-id=\"895\" data-link=\"https:\/\/www.foto-tichy.cz\/?attachment_id=895\" class=\"wp-image-895\" srcset=\"https:\/\/www.foto-tichy.cz\/wp-content\/uploads\/2025\/12\/Hru_127-1024x683.jpg 1024w, https:\/\/www.foto-tichy.cz\/wp-content\/uploads\/2025\/12\/Hru_127-300x200.jpg 300w, https:\/\/www.foto-tichy.cz\/wp-content\/uploads\/2025\/12\/Hru_127-768x512.jpg 768w, https:\/\/www.foto-tichy.cz\/wp-content\/uploads\/2025\/12\/Hru_127.jpg 1200w\" sizes=\"auto, (max-width: 1024px) 100vw, 1024px\" \/><\/div><div class=\"gallery-thumbnail-item\"><img loading=\"lazy\" decoding=\"async\" width=\"1024\" height=\"683\" src=\"http:\/\/www.foto-tichy.cz\/wp-content\/uploads\/2025\/12\/Pori_085_Van2-1024x683.jpg\" alt=\"\" data-id=\"897\" data-link=\"https:\/\/www.foto-tichy.cz\/?attachment_id=897\" class=\"wp-image-897\" srcset=\"https:\/\/www.foto-tichy.cz\/wp-content\/uploads\/2025\/12\/Pori_085_Van2-1024x683.jpg 1024w, https:\/\/www.foto-tichy.cz\/wp-content\/uploads\/2025\/12\/Pori_085_Van2-300x200.jpg 300w, https:\/\/www.foto-tichy.cz\/wp-content\/uploads\/2025\/12\/Pori_085_Van2-768x512.jpg 768w, https:\/\/www.foto-tichy.cz\/wp-content\/uploads\/2025\/12\/Pori_085_Van2.jpg 1200w\" sizes=\"auto, (max-width: 1024px) 100vw, 1024px\" \/><\/div><div class=\"gallery-thumbnail-item\"><img loading=\"lazy\" decoding=\"async\" width=\"1024\" height=\"683\" src=\"http:\/\/www.foto-tichy.cz\/wp-content\/uploads\/2025\/12\/Pori_112_Van3-1024x683.jpg\" alt=\"\" data-id=\"898\" data-link=\"https:\/\/www.foto-tichy.cz\/?attachment_id=898\" class=\"wp-image-898\" srcset=\"https:\/\/www.foto-tichy.cz\/wp-content\/uploads\/2025\/12\/Pori_112_Van3-1024x683.jpg 1024w, https:\/\/www.foto-tichy.cz\/wp-content\/uploads\/2025\/12\/Pori_112_Van3-300x200.jpg 300w, https:\/\/www.foto-tichy.cz\/wp-content\/uploads\/2025\/12\/Pori_112_Van3-768x512.jpg 768w, https:\/\/www.foto-tichy.cz\/wp-content\/uploads\/2025\/12\/Pori_112_Van3.jpg 1200w\" sizes=\"auto, (max-width: 1024px) 100vw, 1024px\" \/><\/div><\/div><\/div>\n\n\n\n<hr class=\"wp-block-separator has-alpha-channel-opacity\"\/>\n\n\n\n<h3 class=\"wp-block-heading\">Portr\u00e9tn\u00ed a rodinn\u00e9 foto<\/h3>\n\n\n\n<div class=\"wp-block-columns is-layout-flex wp-container-core-columns-is-layout-9d6595d7 wp-block-columns-is-layout-flex\">\n<div class=\"wp-block-column is-layout-flow wp-block-column-is-layout-flow\" style=\"flex-basis:100%\">\n<div class=\"wp-block-glsb-gosign-gallery-box-block gosign-gallery-box-block-container\"><div class=\"gosign-gallery-box-block\" data-slick=\"{&quot;slidesToShow&quot;:1,&quot;slidesToScroll&quot;:1,&quot;arrows&quot;:false,&quot;dots&quot;:false,&quot;speed&quot;:500,&quot;infinite&quot;:true,&quot;autoplay&quot;:true,&quot;autoplaySpeed&quot;:2000}\"><div class=\"gallery-box-item\"><img loading=\"lazy\" decoding=\"async\" width=\"1024\" height=\"683\" src=\"http:\/\/www.foto-tichy.cz\/wp-content\/uploads\/2025\/01\/344A1487_FBCream_-1024x683.jpg\" alt=\"\" data-id=\"617\" data-link=\"https:\/\/www.foto-tichy.cz\/?attachment_id=617\" class=\"wp-image-617\" srcset=\"https:\/\/www.foto-tichy.cz\/wp-content\/uploads\/2025\/01\/344A1487_FBCream_-1024x683.jpg 1024w, https:\/\/www.foto-tichy.cz\/wp-content\/uploads\/2025\/01\/344A1487_FBCream_-300x200.jpg 300w, https:\/\/www.foto-tichy.cz\/wp-content\/uploads\/2025\/01\/344A1487_FBCream_-768x512.jpg 768w, https:\/\/www.foto-tichy.cz\/wp-content\/uploads\/2025\/01\/344A1487_FBCream_-1536x1024.jpg 1536w, https:\/\/www.foto-tichy.cz\/wp-content\/uploads\/2025\/01\/344A1487_FBCream_-90x60.jpg 90w, https:\/\/www.foto-tichy.cz\/wp-content\/uploads\/2025\/01\/344A1487_FBCream_-420x280.jpg 420w, https:\/\/www.foto-tichy.cz\/wp-content\/uploads\/2025\/01\/344A1487_FBCream_.jpg 1800w\" sizes=\"auto, (max-width: 1024px) 100vw, 1024px\" \/><\/div><div class=\"gallery-box-item\"><img loading=\"lazy\" decoding=\"async\" width=\"1024\" height=\"590\" src=\"http:\/\/www.foto-tichy.cz\/wp-content\/uploads\/2025\/01\/344A9898_old_-1024x590.jpg\" alt=\"\" data-id=\"631\" data-link=\"https:\/\/www.foto-tichy.cz\/?attachment_id=631\" class=\"wp-image-631\" srcset=\"https:\/\/www.foto-tichy.cz\/wp-content\/uploads\/2025\/01\/344A9898_old_-1024x590.jpg 1024w, https:\/\/www.foto-tichy.cz\/wp-content\/uploads\/2025\/01\/344A9898_old_-300x173.jpg 300w, https:\/\/www.foto-tichy.cz\/wp-content\/uploads\/2025\/01\/344A9898_old_-768x443.jpg 768w, https:\/\/www.foto-tichy.cz\/wp-content\/uploads\/2025\/01\/344A9898_old_-330x190.jpg 330w, https:\/\/www.foto-tichy.cz\/wp-content\/uploads\/2025\/01\/344A9898_old_-1536x885.jpg 1536w, https:\/\/www.foto-tichy.cz\/wp-content\/uploads\/2025\/01\/344A9898_old_-104x60.jpg 104w, https:\/\/www.foto-tichy.cz\/wp-content\/uploads\/2025\/01\/344A9898_old_.jpg 1900w\" sizes=\"auto, (max-width: 1024px) 100vw, 1024px\" \/><\/div><div class=\"gallery-box-item\"><img loading=\"lazy\" decoding=\"async\" width=\"800\" height=\"533\" src=\"http:\/\/www.foto-tichy.cz\/wp-content\/uploads\/2025\/01\/344A0822.jpg\" alt=\"\" data-id=\"657\" data-link=\"https:\/\/www.foto-tichy.cz\/?attachment_id=657\" class=\"wp-image-657\" srcset=\"https:\/\/www.foto-tichy.cz\/wp-content\/uploads\/2025\/01\/344A0822.jpg 800w, https:\/\/www.foto-tichy.cz\/wp-content\/uploads\/2025\/01\/344A0822-300x200.jpg 300w, https:\/\/www.foto-tichy.cz\/wp-content\/uploads\/2025\/01\/344A0822-768x512.jpg 768w, https:\/\/www.foto-tichy.cz\/wp-content\/uploads\/2025\/01\/344A0822-90x60.jpg 90w, https:\/\/www.foto-tichy.cz\/wp-content\/uploads\/2025\/01\/344A0822-420x280.jpg 420w\" sizes=\"auto, (max-width: 800px) 100vw, 800px\" \/><\/div><div class=\"gallery-box-item\"><img loading=\"lazy\" decoding=\"async\" width=\"800\" height=\"441\" src=\"http:\/\/www.foto-tichy.cz\/wp-content\/uploads\/2025\/01\/344A1325_BW-1-e1738245492957.jpg\" alt=\"\" data-id=\"637\" data-link=\"https:\/\/www.foto-tichy.cz\/?attachment_id=637\" class=\"wp-image-637\" srcset=\"https:\/\/www.foto-tichy.cz\/wp-content\/uploads\/2025\/01\/344A1325_BW-1-e1738245492957.jpg 800w, https:\/\/www.foto-tichy.cz\/wp-content\/uploads\/2025\/01\/344A1325_BW-1-e1738245492957-300x165.jpg 300w, https:\/\/www.foto-tichy.cz\/wp-content\/uploads\/2025\/01\/344A1325_BW-1-e1738245492957-768x423.jpg 768w, https:\/\/www.foto-tichy.cz\/wp-content\/uploads\/2025\/01\/344A1325_BW-1-e1738245492957-109x60.jpg 109w\" sizes=\"auto, (max-width: 800px) 100vw, 800px\" \/><\/div><div class=\"gallery-box-item\"><img loading=\"lazy\" decoding=\"async\" width=\"1024\" height=\"726\" src=\"http:\/\/www.foto-tichy.cz\/wp-content\/uploads\/2025\/01\/344A9787_-1024x726.jpg\" alt=\"\" data-id=\"626\" data-link=\"https:\/\/www.foto-tichy.cz\/?attachment_id=626\" class=\"wp-image-626\" srcset=\"https:\/\/www.foto-tichy.cz\/wp-content\/uploads\/2025\/01\/344A9787_-1024x726.jpg 1024w, https:\/\/www.foto-tichy.cz\/wp-content\/uploads\/2025\/01\/344A9787_-300x213.jpg 300w, https:\/\/www.foto-tichy.cz\/wp-content\/uploads\/2025\/01\/344A9787_-768x544.jpg 768w, https:\/\/www.foto-tichy.cz\/wp-content\/uploads\/2025\/01\/344A9787_-1536x1089.jpg 1536w, https:\/\/www.foto-tichy.cz\/wp-content\/uploads\/2025\/01\/344A9787_-85x60.jpg 85w, https:\/\/www.foto-tichy.cz\/wp-content\/uploads\/2025\/01\/344A9787_.jpg 1900w\" sizes=\"auto, (max-width: 1024px) 100vw, 1024px\" \/><\/div><div class=\"gallery-box-item\"><img loading=\"lazy\" decoding=\"async\" width=\"800\" height=\"533\" src=\"http:\/\/www.foto-tichy.cz\/wp-content\/uploads\/2025\/01\/IMG_0599_1-1.jpg\" alt=\"\" data-id=\"660\" data-link=\"https:\/\/www.foto-tichy.cz\/?attachment_id=660\" class=\"wp-image-660\" srcset=\"https:\/\/www.foto-tichy.cz\/wp-content\/uploads\/2025\/01\/IMG_0599_1-1.jpg 800w, https:\/\/www.foto-tichy.cz\/wp-content\/uploads\/2025\/01\/IMG_0599_1-1-300x200.jpg 300w, https:\/\/www.foto-tichy.cz\/wp-content\/uploads\/2025\/01\/IMG_0599_1-1-768x512.jpg 768w, https:\/\/www.foto-tichy.cz\/wp-content\/uploads\/2025\/01\/IMG_0599_1-1-90x60.jpg 90w, https:\/\/www.foto-tichy.cz\/wp-content\/uploads\/2025\/01\/IMG_0599_1-1-420x280.jpg 420w\" sizes=\"auto, (max-width: 800px) 100vw, 800px\" \/><\/div><div class=\"gallery-box-item\"><img loading=\"lazy\" decoding=\"async\" width=\"1024\" height=\"558\" src=\"http:\/\/www.foto-tichy.cz\/wp-content\/uploads\/2025\/01\/344A1117_-1024x558.jpg\" alt=\"\" data-id=\"683\" data-link=\"https:\/\/www.foto-tichy.cz\/?attachment_id=683\" class=\"wp-image-683\" srcset=\"https:\/\/www.foto-tichy.cz\/wp-content\/uploads\/2025\/01\/344A1117_-1024x558.jpg 1024w, https:\/\/www.foto-tichy.cz\/wp-content\/uploads\/2025\/01\/344A1117_-300x163.jpg 300w, https:\/\/www.foto-tichy.cz\/wp-content\/uploads\/2025\/01\/344A1117_-768x418.jpg 768w, https:\/\/www.foto-tichy.cz\/wp-content\/uploads\/2025\/01\/344A1117_-1536x837.jpg 1536w, https:\/\/www.foto-tichy.cz\/wp-content\/uploads\/2025\/01\/344A1117_-2048x1116.jpg 2048w, https:\/\/www.foto-tichy.cz\/wp-content\/uploads\/2025\/01\/344A1117_-110x60.jpg 110w\" sizes=\"auto, (max-width: 1024px) 100vw, 1024px\" \/><\/div><div class=\"gallery-box-item\"><img loading=\"lazy\" decoding=\"async\" width=\"1024\" height=\"622\" src=\"http:\/\/www.foto-tichy.cz\/wp-content\/uploads\/2025\/01\/344A9905_-1-1024x622.jpg\" alt=\"\" data-id=\"635\" data-link=\"https:\/\/www.foto-tichy.cz\/?attachment_id=635\" class=\"wp-image-635\" srcset=\"https:\/\/www.foto-tichy.cz\/wp-content\/uploads\/2025\/01\/344A9905_-1-1024x622.jpg 1024w, https:\/\/www.foto-tichy.cz\/wp-content\/uploads\/2025\/01\/344A9905_-1-300x182.jpg 300w, https:\/\/www.foto-tichy.cz\/wp-content\/uploads\/2025\/01\/344A9905_-1-768x466.jpg 768w, https:\/\/www.foto-tichy.cz\/wp-content\/uploads\/2025\/01\/344A9905_-1-1536x932.jpg 1536w, https:\/\/www.foto-tichy.cz\/wp-content\/uploads\/2025\/01\/344A9905_-1-99x60.jpg 99w, https:\/\/www.foto-tichy.cz\/wp-content\/uploads\/2025\/01\/344A9905_-1.jpg 2000w\" sizes=\"auto, (max-width: 1024px) 100vw, 1024px\" \/><\/div><div class=\"gallery-box-item\"><img loading=\"lazy\" decoding=\"async\" width=\"1024\" height=\"556\" src=\"http:\/\/www.foto-tichy.cz\/wp-content\/uploads\/2025\/01\/IMG_3497_1-1024x556.jpg\" alt=\"\" data-id=\"641\" data-link=\"https:\/\/www.foto-tichy.cz\/?attachment_id=641\" class=\"wp-image-641\" srcset=\"https:\/\/www.foto-tichy.cz\/wp-content\/uploads\/2025\/01\/IMG_3497_1-1024x556.jpg 1024w, https:\/\/www.foto-tichy.cz\/wp-content\/uploads\/2025\/01\/IMG_3497_1-300x163.jpg 300w, https:\/\/www.foto-tichy.cz\/wp-content\/uploads\/2025\/01\/IMG_3497_1-768x417.jpg 768w, https:\/\/www.foto-tichy.cz\/wp-content\/uploads\/2025\/01\/IMG_3497_1-1536x834.jpg 1536w, https:\/\/www.foto-tichy.cz\/wp-content\/uploads\/2025\/01\/IMG_3497_1-110x60.jpg 110w, https:\/\/www.foto-tichy.cz\/wp-content\/uploads\/2025\/01\/IMG_3497_1.jpg 1900w\" sizes=\"auto, (max-width: 1024px) 100vw, 1024px\" \/><\/div><div class=\"gallery-box-item\"><img loading=\"lazy\" decoding=\"async\" width=\"800\" height=\"533\" src=\"http:\/\/www.foto-tichy.cz\/wp-content\/uploads\/2025\/01\/344A1026.jpg\" alt=\"\" data-id=\"658\" data-link=\"https:\/\/www.foto-tichy.cz\/?attachment_id=658\" class=\"wp-image-658\" srcset=\"https:\/\/www.foto-tichy.cz\/wp-content\/uploads\/2025\/01\/344A1026.jpg 800w, https:\/\/www.foto-tichy.cz\/wp-content\/uploads\/2025\/01\/344A1026-300x200.jpg 300w, https:\/\/www.foto-tichy.cz\/wp-content\/uploads\/2025\/01\/344A1026-768x512.jpg 768w, https:\/\/www.foto-tichy.cz\/wp-content\/uploads\/2025\/01\/344A1026-90x60.jpg 90w, https:\/\/www.foto-tichy.cz\/wp-content\/uploads\/2025\/01\/344A1026-420x280.jpg 420w\" sizes=\"auto, (max-width: 800px) 100vw, 800px\" \/><\/div><div class=\"gallery-box-item\"><img loading=\"lazy\" decoding=\"async\" width=\"800\" height=\"515\" src=\"http:\/\/www.foto-tichy.cz\/wp-content\/uploads\/2025\/01\/344A6330_bw.jpg\" alt=\"\" data-id=\"659\" data-link=\"https:\/\/www.foto-tichy.cz\/?attachment_id=659\" class=\"wp-image-659\" srcset=\"https:\/\/www.foto-tichy.cz\/wp-content\/uploads\/2025\/01\/344A6330_bw.jpg 800w, https:\/\/www.foto-tichy.cz\/wp-content\/uploads\/2025\/01\/344A6330_bw-300x193.jpg 300w, https:\/\/www.foto-tichy.cz\/wp-content\/uploads\/2025\/01\/344A6330_bw-768x494.jpg 768w, https:\/\/www.foto-tichy.cz\/wp-content\/uploads\/2025\/01\/344A6330_bw-93x60.jpg 93w\" sizes=\"auto, (max-width: 800px) 100vw, 800px\" \/><\/div><div class=\"gallery-box-item\"><img loading=\"lazy\" decoding=\"async\" width=\"1024\" height=\"510\" src=\"http:\/\/www.foto-tichy.cz\/wp-content\/uploads\/2025\/01\/344A1289_-1-1024x510.jpg\" alt=\"\" data-id=\"681\" data-link=\"https:\/\/www.foto-tichy.cz\/?attachment_id=681\" class=\"wp-image-681\" srcset=\"https:\/\/www.foto-tichy.cz\/wp-content\/uploads\/2025\/01\/344A1289_-1-1024x510.jpg 1024w, https:\/\/www.foto-tichy.cz\/wp-content\/uploads\/2025\/01\/344A1289_-1-300x149.jpg 300w, https:\/\/www.foto-tichy.cz\/wp-content\/uploads\/2025\/01\/344A1289_-1-768x382.jpg 768w, https:\/\/www.foto-tichy.cz\/wp-content\/uploads\/2025\/01\/344A1289_-1-1536x765.jpg 1536w, https:\/\/www.foto-tichy.cz\/wp-content\/uploads\/2025\/01\/344A1289_-1-2048x1020.jpg 2048w, https:\/\/www.foto-tichy.cz\/wp-content\/uploads\/2025\/01\/344A1289_-1-121x60.jpg 121w\" sizes=\"auto, (max-width: 1024px) 100vw, 1024px\" \/><\/div><div class=\"gallery-box-item\"><img loading=\"lazy\" decoding=\"async\" width=\"1024\" height=\"555\" src=\"http:\/\/www.foto-tichy.cz\/wp-content\/uploads\/2025\/01\/IMGL3603_-1024x555.jpg\" alt=\"\" data-id=\"685\" data-link=\"https:\/\/www.foto-tichy.cz\/?attachment_id=685\" class=\"wp-image-685\" srcset=\"https:\/\/www.foto-tichy.cz\/wp-content\/uploads\/2025\/01\/IMGL3603_-1024x555.jpg 1024w, https:\/\/www.foto-tichy.cz\/wp-content\/uploads\/2025\/01\/IMGL3603_-300x163.jpg 300w, https:\/\/www.foto-tichy.cz\/wp-content\/uploads\/2025\/01\/IMGL3603_-768x416.jpg 768w, https:\/\/www.foto-tichy.cz\/wp-content\/uploads\/2025\/01\/IMGL3603_-1536x833.jpg 1536w, https:\/\/www.foto-tichy.cz\/wp-content\/uploads\/2025\/01\/IMGL3603_-2048x1110.jpg 2048w, https:\/\/www.foto-tichy.cz\/wp-content\/uploads\/2025\/01\/IMGL3603_-111x60.jpg 111w\" sizes=\"auto, (max-width: 1024px) 100vw, 1024px\" \/><\/div><div class=\"gallery-box-item\"><img loading=\"lazy\" decoding=\"async\" width=\"800\" height=\"361\" src=\"http:\/\/www.foto-tichy.cz\/wp-content\/uploads\/2025\/01\/IMG_0507_2-2.jpg\" alt=\"\" data-id=\"687\" data-link=\"https:\/\/www.foto-tichy.cz\/?attachment_id=687\" class=\"wp-image-687\" srcset=\"https:\/\/www.foto-tichy.cz\/wp-content\/uploads\/2025\/01\/IMG_0507_2-2.jpg 800w, https:\/\/www.foto-tichy.cz\/wp-content\/uploads\/2025\/01\/IMG_0507_2-2-300x135.jpg 300w, https:\/\/www.foto-tichy.cz\/wp-content\/uploads\/2025\/01\/IMG_0507_2-2-768x347.jpg 768w, https:\/\/www.foto-tichy.cz\/wp-content\/uploads\/2025\/01\/IMG_0507_2-2-133x60.jpg 133w\" sizes=\"auto, (max-width: 800px) 100vw, 800px\" \/><\/div><\/div><div class=\"gosign-gallery-box-thumbnail\" data-slick=\"{&quot;slidesToShow&quot;:3,&quot;slidesToScroll&quot;:1,&quot;arrows&quot;:false,&quot;dots&quot;:false,&quot;infinite&quot;:true,&quot;autoplay&quot;:true,&quot;autoplaySpeed&quot;:2000,&quot;asNavFor&quot;:&quot;.gosign-gallery-box-block&quot;,&quot;focusOnSelect&quot;:true,&quot;variableWidth&quot;:true}\"><div class=\"gallery-thumbnail-item\"><img loading=\"lazy\" decoding=\"async\" width=\"1024\" height=\"683\" src=\"http:\/\/www.foto-tichy.cz\/wp-content\/uploads\/2025\/01\/344A1487_FBCream_-1024x683.jpg\" alt=\"\" data-id=\"617\" data-link=\"https:\/\/www.foto-tichy.cz\/?attachment_id=617\" class=\"wp-image-617\" srcset=\"https:\/\/www.foto-tichy.cz\/wp-content\/uploads\/2025\/01\/344A1487_FBCream_-1024x683.jpg 1024w, https:\/\/www.foto-tichy.cz\/wp-content\/uploads\/2025\/01\/344A1487_FBCream_-300x200.jpg 300w, https:\/\/www.foto-tichy.cz\/wp-content\/uploads\/2025\/01\/344A1487_FBCream_-768x512.jpg 768w, https:\/\/www.foto-tichy.cz\/wp-content\/uploads\/2025\/01\/344A1487_FBCream_-1536x1024.jpg 1536w, https:\/\/www.foto-tichy.cz\/wp-content\/uploads\/2025\/01\/344A1487_FBCream_-90x60.jpg 90w, https:\/\/www.foto-tichy.cz\/wp-content\/uploads\/2025\/01\/344A1487_FBCream_-420x280.jpg 420w, https:\/\/www.foto-tichy.cz\/wp-content\/uploads\/2025\/01\/344A1487_FBCream_.jpg 1800w\" sizes=\"auto, (max-width: 1024px) 100vw, 1024px\" \/><\/div><div class=\"gallery-thumbnail-item\"><img loading=\"lazy\" decoding=\"async\" width=\"1024\" height=\"590\" src=\"http:\/\/www.foto-tichy.cz\/wp-content\/uploads\/2025\/01\/344A9898_old_-1024x590.jpg\" alt=\"\" data-id=\"631\" data-link=\"https:\/\/www.foto-tichy.cz\/?attachment_id=631\" class=\"wp-image-631\" srcset=\"https:\/\/www.foto-tichy.cz\/wp-content\/uploads\/2025\/01\/344A9898_old_-1024x590.jpg 1024w, https:\/\/www.foto-tichy.cz\/wp-content\/uploads\/2025\/01\/344A9898_old_-300x173.jpg 300w, https:\/\/www.foto-tichy.cz\/wp-content\/uploads\/2025\/01\/344A9898_old_-768x443.jpg 768w, https:\/\/www.foto-tichy.cz\/wp-content\/uploads\/2025\/01\/344A9898_old_-330x190.jpg 330w, https:\/\/www.foto-tichy.cz\/wp-content\/uploads\/2025\/01\/344A9898_old_-1536x885.jpg 1536w, https:\/\/www.foto-tichy.cz\/wp-content\/uploads\/2025\/01\/344A9898_old_-104x60.jpg 104w, https:\/\/www.foto-tichy.cz\/wp-content\/uploads\/2025\/01\/344A9898_old_.jpg 1900w\" sizes=\"auto, (max-width: 1024px) 100vw, 1024px\" \/><\/div><div class=\"gallery-thumbnail-item\"><img loading=\"lazy\" decoding=\"async\" width=\"800\" height=\"533\" src=\"http:\/\/www.foto-tichy.cz\/wp-content\/uploads\/2025\/01\/344A0822.jpg\" alt=\"\" data-id=\"657\" data-link=\"https:\/\/www.foto-tichy.cz\/?attachment_id=657\" class=\"wp-image-657\" srcset=\"https:\/\/www.foto-tichy.cz\/wp-content\/uploads\/2025\/01\/344A0822.jpg 800w, https:\/\/www.foto-tichy.cz\/wp-content\/uploads\/2025\/01\/344A0822-300x200.jpg 300w, https:\/\/www.foto-tichy.cz\/wp-content\/uploads\/2025\/01\/344A0822-768x512.jpg 768w, https:\/\/www.foto-tichy.cz\/wp-content\/uploads\/2025\/01\/344A0822-90x60.jpg 90w, https:\/\/www.foto-tichy.cz\/wp-content\/uploads\/2025\/01\/344A0822-420x280.jpg 420w\" sizes=\"auto, (max-width: 800px) 100vw, 800px\" \/><\/div><div class=\"gallery-thumbnail-item\"><img loading=\"lazy\" decoding=\"async\" width=\"800\" height=\"441\" src=\"http:\/\/www.foto-tichy.cz\/wp-content\/uploads\/2025\/01\/344A1325_BW-1-e1738245492957.jpg\" alt=\"\" data-id=\"637\" data-link=\"https:\/\/www.foto-tichy.cz\/?attachment_id=637\" class=\"wp-image-637\" srcset=\"https:\/\/www.foto-tichy.cz\/wp-content\/uploads\/2025\/01\/344A1325_BW-1-e1738245492957.jpg 800w, https:\/\/www.foto-tichy.cz\/wp-content\/uploads\/2025\/01\/344A1325_BW-1-e1738245492957-300x165.jpg 300w, https:\/\/www.foto-tichy.cz\/wp-content\/uploads\/2025\/01\/344A1325_BW-1-e1738245492957-768x423.jpg 768w, https:\/\/www.foto-tichy.cz\/wp-content\/uploads\/2025\/01\/344A1325_BW-1-e1738245492957-109x60.jpg 109w\" sizes=\"auto, (max-width: 800px) 100vw, 800px\" \/><\/div><div class=\"gallery-thumbnail-item\"><img loading=\"lazy\" decoding=\"async\" width=\"1024\" height=\"726\" src=\"http:\/\/www.foto-tichy.cz\/wp-content\/uploads\/2025\/01\/344A9787_-1024x726.jpg\" alt=\"\" data-id=\"626\" data-link=\"https:\/\/www.foto-tichy.cz\/?attachment_id=626\" class=\"wp-image-626\" srcset=\"https:\/\/www.foto-tichy.cz\/wp-content\/uploads\/2025\/01\/344A9787_-1024x726.jpg 1024w, https:\/\/www.foto-tichy.cz\/wp-content\/uploads\/2025\/01\/344A9787_-300x213.jpg 300w, https:\/\/www.foto-tichy.cz\/wp-content\/uploads\/2025\/01\/344A9787_-768x544.jpg 768w, https:\/\/www.foto-tichy.cz\/wp-content\/uploads\/2025\/01\/344A9787_-1536x1089.jpg 1536w, https:\/\/www.foto-tichy.cz\/wp-content\/uploads\/2025\/01\/344A9787_-85x60.jpg 85w, https:\/\/www.foto-tichy.cz\/wp-content\/uploads\/2025\/01\/344A9787_.jpg 1900w\" sizes=\"auto, (max-width: 1024px) 100vw, 1024px\" \/><\/div><div class=\"gallery-thumbnail-item\"><img loading=\"lazy\" decoding=\"async\" width=\"800\" height=\"533\" src=\"http:\/\/www.foto-tichy.cz\/wp-content\/uploads\/2025\/01\/IMG_0599_1-1.jpg\" alt=\"\" data-id=\"660\" data-link=\"https:\/\/www.foto-tichy.cz\/?attachment_id=660\" class=\"wp-image-660\" srcset=\"https:\/\/www.foto-tichy.cz\/wp-content\/uploads\/2025\/01\/IMG_0599_1-1.jpg 800w, https:\/\/www.foto-tichy.cz\/wp-content\/uploads\/2025\/01\/IMG_0599_1-1-300x200.jpg 300w, https:\/\/www.foto-tichy.cz\/wp-content\/uploads\/2025\/01\/IMG_0599_1-1-768x512.jpg 768w, https:\/\/www.foto-tichy.cz\/wp-content\/uploads\/2025\/01\/IMG_0599_1-1-90x60.jpg 90w, https:\/\/www.foto-tichy.cz\/wp-content\/uploads\/2025\/01\/IMG_0599_1-1-420x280.jpg 420w\" sizes=\"auto, (max-width: 800px) 100vw, 800px\" \/><\/div><div class=\"gallery-thumbnail-item\"><img loading=\"lazy\" decoding=\"async\" width=\"1024\" height=\"558\" src=\"http:\/\/www.foto-tichy.cz\/wp-content\/uploads\/2025\/01\/344A1117_-1024x558.jpg\" alt=\"\" data-id=\"683\" data-link=\"https:\/\/www.foto-tichy.cz\/?attachment_id=683\" class=\"wp-image-683\" srcset=\"https:\/\/www.foto-tichy.cz\/wp-content\/uploads\/2025\/01\/344A1117_-1024x558.jpg 1024w, https:\/\/www.foto-tichy.cz\/wp-content\/uploads\/2025\/01\/344A1117_-300x163.jpg 300w, https:\/\/www.foto-tichy.cz\/wp-content\/uploads\/2025\/01\/344A1117_-768x418.jpg 768w, https:\/\/www.foto-tichy.cz\/wp-content\/uploads\/2025\/01\/344A1117_-1536x837.jpg 1536w, https:\/\/www.foto-tichy.cz\/wp-content\/uploads\/2025\/01\/344A1117_-2048x1116.jpg 2048w, https:\/\/www.foto-tichy.cz\/wp-content\/uploads\/2025\/01\/344A1117_-110x60.jpg 110w\" sizes=\"auto, (max-width: 1024px) 100vw, 1024px\" \/><\/div><div class=\"gallery-thumbnail-item\"><img loading=\"lazy\" decoding=\"async\" width=\"1024\" height=\"622\" src=\"http:\/\/www.foto-tichy.cz\/wp-content\/uploads\/2025\/01\/344A9905_-1-1024x622.jpg\" alt=\"\" data-id=\"635\" data-link=\"https:\/\/www.foto-tichy.cz\/?attachment_id=635\" class=\"wp-image-635\" srcset=\"https:\/\/www.foto-tichy.cz\/wp-content\/uploads\/2025\/01\/344A9905_-1-1024x622.jpg 1024w, https:\/\/www.foto-tichy.cz\/wp-content\/uploads\/2025\/01\/344A9905_-1-300x182.jpg 300w, https:\/\/www.foto-tichy.cz\/wp-content\/uploads\/2025\/01\/344A9905_-1-768x466.jpg 768w, https:\/\/www.foto-tichy.cz\/wp-content\/uploads\/2025\/01\/344A9905_-1-1536x932.jpg 1536w, https:\/\/www.foto-tichy.cz\/wp-content\/uploads\/2025\/01\/344A9905_-1-99x60.jpg 99w, https:\/\/www.foto-tichy.cz\/wp-content\/uploads\/2025\/01\/344A9905_-1.jpg 2000w\" sizes=\"auto, (max-width: 1024px) 100vw, 1024px\" \/><\/div><div class=\"gallery-thumbnail-item\"><img loading=\"lazy\" decoding=\"async\" width=\"1024\" height=\"556\" src=\"http:\/\/www.foto-tichy.cz\/wp-content\/uploads\/2025\/01\/IMG_3497_1-1024x556.jpg\" alt=\"\" data-id=\"641\" data-link=\"https:\/\/www.foto-tichy.cz\/?attachment_id=641\" class=\"wp-image-641\" srcset=\"https:\/\/www.foto-tichy.cz\/wp-content\/uploads\/2025\/01\/IMG_3497_1-1024x556.jpg 1024w, https:\/\/www.foto-tichy.cz\/wp-content\/uploads\/2025\/01\/IMG_3497_1-300x163.jpg 300w, https:\/\/www.foto-tichy.cz\/wp-content\/uploads\/2025\/01\/IMG_3497_1-768x417.jpg 768w, https:\/\/www.foto-tichy.cz\/wp-content\/uploads\/2025\/01\/IMG_3497_1-1536x834.jpg 1536w, https:\/\/www.foto-tichy.cz\/wp-content\/uploads\/2025\/01\/IMG_3497_1-110x60.jpg 110w, https:\/\/www.foto-tichy.cz\/wp-content\/uploads\/2025\/01\/IMG_3497_1.jpg 1900w\" sizes=\"auto, (max-width: 1024px) 100vw, 1024px\" \/><\/div><div class=\"gallery-thumbnail-item\"><img loading=\"lazy\" decoding=\"async\" width=\"800\" height=\"533\" src=\"http:\/\/www.foto-tichy.cz\/wp-content\/uploads\/2025\/01\/344A1026.jpg\" alt=\"\" data-id=\"658\" data-link=\"https:\/\/www.foto-tichy.cz\/?attachment_id=658\" class=\"wp-image-658\" srcset=\"https:\/\/www.foto-tichy.cz\/wp-content\/uploads\/2025\/01\/344A1026.jpg 800w, https:\/\/www.foto-tichy.cz\/wp-content\/uploads\/2025\/01\/344A1026-300x200.jpg 300w, https:\/\/www.foto-tichy.cz\/wp-content\/uploads\/2025\/01\/344A1026-768x512.jpg 768w, https:\/\/www.foto-tichy.cz\/wp-content\/uploads\/2025\/01\/344A1026-90x60.jpg 90w, https:\/\/www.foto-tichy.cz\/wp-content\/uploads\/2025\/01\/344A1026-420x280.jpg 420w\" sizes=\"auto, (max-width: 800px) 100vw, 800px\" \/><\/div><div class=\"gallery-thumbnail-item\"><img loading=\"lazy\" decoding=\"async\" width=\"800\" height=\"515\" src=\"http:\/\/www.foto-tichy.cz\/wp-content\/uploads\/2025\/01\/344A6330_bw.jpg\" alt=\"\" data-id=\"659\" data-link=\"https:\/\/www.foto-tichy.cz\/?attachment_id=659\" class=\"wp-image-659\" srcset=\"https:\/\/www.foto-tichy.cz\/wp-content\/uploads\/2025\/01\/344A6330_bw.jpg 800w, https:\/\/www.foto-tichy.cz\/wp-content\/uploads\/2025\/01\/344A6330_bw-300x193.jpg 300w, https:\/\/www.foto-tichy.cz\/wp-content\/uploads\/2025\/01\/344A6330_bw-768x494.jpg 768w, https:\/\/www.foto-tichy.cz\/wp-content\/uploads\/2025\/01\/344A6330_bw-93x60.jpg 93w\" sizes=\"auto, (max-width: 800px) 100vw, 800px\" \/><\/div><div class=\"gallery-thumbnail-item\"><img loading=\"lazy\" decoding=\"async\" width=\"1024\" height=\"510\" src=\"http:\/\/www.foto-tichy.cz\/wp-content\/uploads\/2025\/01\/344A1289_-1-1024x510.jpg\" alt=\"\" data-id=\"681\" data-link=\"https:\/\/www.foto-tichy.cz\/?attachment_id=681\" class=\"wp-image-681\" srcset=\"https:\/\/www.foto-tichy.cz\/wp-content\/uploads\/2025\/01\/344A1289_-1-1024x510.jpg 1024w, https:\/\/www.foto-tichy.cz\/wp-content\/uploads\/2025\/01\/344A1289_-1-300x149.jpg 300w, https:\/\/www.foto-tichy.cz\/wp-content\/uploads\/2025\/01\/344A1289_-1-768x382.jpg 768w, https:\/\/www.foto-tichy.cz\/wp-content\/uploads\/2025\/01\/344A1289_-1-1536x765.jpg 1536w, https:\/\/www.foto-tichy.cz\/wp-content\/uploads\/2025\/01\/344A1289_-1-2048x1020.jpg 2048w, https:\/\/www.foto-tichy.cz\/wp-content\/uploads\/2025\/01\/344A1289_-1-121x60.jpg 121w\" sizes=\"auto, (max-width: 1024px) 100vw, 1024px\" \/><\/div><div class=\"gallery-thumbnail-item\"><img loading=\"lazy\" decoding=\"async\" width=\"1024\" height=\"555\" src=\"http:\/\/www.foto-tichy.cz\/wp-content\/uploads\/2025\/01\/IMGL3603_-1024x555.jpg\" alt=\"\" data-id=\"685\" data-link=\"https:\/\/www.foto-tichy.cz\/?attachment_id=685\" class=\"wp-image-685\" srcset=\"https:\/\/www.foto-tichy.cz\/wp-content\/uploads\/2025\/01\/IMGL3603_-1024x555.jpg 1024w, https:\/\/www.foto-tichy.cz\/wp-content\/uploads\/2025\/01\/IMGL3603_-300x163.jpg 300w, https:\/\/www.foto-tichy.cz\/wp-content\/uploads\/2025\/01\/IMGL3603_-768x416.jpg 768w, https:\/\/www.foto-tichy.cz\/wp-content\/uploads\/2025\/01\/IMGL3603_-1536x833.jpg 1536w, https:\/\/www.foto-tichy.cz\/wp-content\/uploads\/2025\/01\/IMGL3603_-2048x1110.jpg 2048w, https:\/\/www.foto-tichy.cz\/wp-content\/uploads\/2025\/01\/IMGL3603_-111x60.jpg 111w\" sizes=\"auto, (max-width: 1024px) 100vw, 1024px\" \/><\/div><div class=\"gallery-thumbnail-item\"><img loading=\"lazy\" decoding=\"async\" width=\"800\" height=\"361\" src=\"http:\/\/www.foto-tichy.cz\/wp-content\/uploads\/2025\/01\/IMG_0507_2-2.jpg\" alt=\"\" data-id=\"687\" data-link=\"https:\/\/www.foto-tichy.cz\/?attachment_id=687\" class=\"wp-image-687\" srcset=\"https:\/\/www.foto-tichy.cz\/wp-content\/uploads\/2025\/01\/IMG_0507_2-2.jpg 800w, https:\/\/www.foto-tichy.cz\/wp-content\/uploads\/2025\/01\/IMG_0507_2-2-300x135.jpg 300w, https:\/\/www.foto-tichy.cz\/wp-content\/uploads\/2025\/01\/IMG_0507_2-2-768x347.jpg 768w, https:\/\/www.foto-tichy.cz\/wp-content\/uploads\/2025\/01\/IMG_0507_2-2-133x60.jpg 133w\" sizes=\"auto, (max-width: 800px) 100vw, 800px\" \/><\/div><\/div><\/div>\n<\/div>\n<\/div>\n\n\n\n<p>V ateli\u00e9ru m\u00e1m r\u00e1d klid a prostor tvo\u0159it. Pracuji s jemn\u00fdm sv\u011btlem a jednoduchou sc\u00e9nou, aby fotografie p\u016fsobily p\u0159irozen\u011b a nad\u010dasov\u011b.<br>Nejde mi o dokonalou p\u00f3zu, ale o zachycen\u00ed skute\u010dn\u00e9ho v\u00fdrazu, gesta nebo momentu, kter\u00fd o \u010dlov\u011bku n\u011bco vypov\u00ed.<\/p>\n\n\n\n<hr class=\"wp-block-separator has-alpha-channel-opacity\"\/>\n\n\n\n<h3 class=\"wp-block-heading\">T\u011bhotensk\u00e9 focen\u00ed a Newborn<\/h3>\n\n\n\n<p>T\u011bhotenstv\u00ed i prvn\u00ed t\u00fddny po narozen\u00ed miminka jsou chv\u00edle, kter\u00e9 se nikdy neopakuj\u00ed.<br>Maj\u00ed sv\u016fj klid, jemnost a zvl\u00e1\u0161tn\u00ed kouzlo, kter\u00e9 stoj\u00ed za to uchovat.<\/p>\n\n\n\n<p>Fot\u00edm s d\u016frazem na p\u0159irozen\u00e9 sv\u011btlo, jednoduchost a atmosf\u00e9ru, ve kter\u00e9 se budete c\u00edtit uvoln\u011bn\u011b.<br>Focen\u00ed prob\u00edh\u00e1 v p\u0159\u00e1telsk\u00e9 a klidn\u00e9 n\u00e1lad\u011b \u2013 bez sp\u011bchu, s respektem k va\u0161emu tempu i pot\u0159eb\u00e1m miminka.<br>Pro m\u011b je to v\u00edc ne\u017e jen focen\u00ed \u2013 je to z\u00e1\u017eitek, mal\u00fd zastaven\u00fd \u010das, kter\u00fd si klienti \u010dasto sami r\u00e1di pro\u017eij\u00ed.<\/p>\n\n\n\n<p>T\u011bhotensk\u00e9 focen\u00ed v ateli\u00e9ru m\u016f\u017ee b\u00fdt jemn\u00e9, elegantn\u00ed nebo p\u0159irozen\u011b civiln\u00ed.<br>Newborn focen\u00ed prob\u00edh\u00e1 s maxim\u00e1ln\u00ed trp\u011blivost\u00ed a p\u00e9\u010d\u00ed \u2013 tak, aby se miminko c\u00edtilo bezpe\u010dn\u011b a vy jste si mohli tu chv\u00edli opravdu u\u017e\u00edt.<br>\u010casto zachycuji i propojen\u00ed cel\u00e9 rodiny \u2013 drobn\u00e9 doteky, pohledy, \u00fasm\u011bvy, kter\u00e9 vypr\u00e1v\u00ed v\u00edc ne\u017e slova.<\/p>\n\n\n\n<p>V\u00fdsledkem jsou fotografie, kter\u00e9 maj\u00ed klid, sv\u011btlo a cit.<br>Nejsou to jen sn\u00edmky, ale vzpom\u00ednky na to, jak\u00e9 to bylo \u2013 \u010dekat, p\u0159iv\u00edtat, milovat.<\/p>\n\n\n\n<div class=\"wp-block-glsb-gosign-gallery-box-block gosign-gallery-box-block-container\"><div class=\"gosign-gallery-box-block\" data-slick=\"{&quot;slidesToShow&quot;:1,&quot;slidesToScroll&quot;:1,&quot;arrows&quot;:false,&quot;dots&quot;:false,&quot;speed&quot;:500,&quot;infinite&quot;:true,&quot;autoplay&quot;:true,&quot;autoplaySpeed&quot;:2000}\"><div class=\"gallery-box-item\"><img loading=\"lazy\" decoding=\"async\" width=\"1024\" height=\"683\" src=\"http:\/\/www.foto-tichy.cz\/wp-content\/uploads\/2024\/09\/IMG_6055-1024x683.jpg\" alt=\"\" data-id=\"107\" data-link=\"https:\/\/www.foto-tichy.cz\/?attachment_id=107\" class=\"wp-image-107\" srcset=\"https:\/\/www.foto-tichy.cz\/wp-content\/uploads\/2024\/09\/IMG_6055-1024x683.jpg 1024w, https:\/\/www.foto-tichy.cz\/wp-content\/uploads\/2024\/09\/IMG_6055-300x200.jpg 300w, https:\/\/www.foto-tichy.cz\/wp-content\/uploads\/2024\/09\/IMG_6055-768x512.jpg 768w, https:\/\/www.foto-tichy.cz\/wp-content\/uploads\/2024\/09\/IMG_6055.jpg 1500w\" sizes=\"auto, (max-width: 1024px) 100vw, 1024px\" \/><\/div><div class=\"gallery-box-item\"><img loading=\"lazy\" decoding=\"async\" width=\"1024\" height=\"683\" src=\"http:\/\/www.foto-tichy.cz\/wp-content\/uploads\/2025\/01\/IMGL1825_1_bw-1-1024x683.jpg\" alt=\"\" data-id=\"668\" data-link=\"https:\/\/www.foto-tichy.cz\/?attachment_id=668\" class=\"wp-image-668\" srcset=\"https:\/\/www.foto-tichy.cz\/wp-content\/uploads\/2025\/01\/IMGL1825_1_bw-1-1024x683.jpg 1024w, https:\/\/www.foto-tichy.cz\/wp-content\/uploads\/2025\/01\/IMGL1825_1_bw-1-300x200.jpg 300w, https:\/\/www.foto-tichy.cz\/wp-content\/uploads\/2025\/01\/IMGL1825_1_bw-1-768x512.jpg 768w, https:\/\/www.foto-tichy.cz\/wp-content\/uploads\/2025\/01\/IMGL1825_1_bw-1-1536x1024.jpg 1536w, https:\/\/www.foto-tichy.cz\/wp-content\/uploads\/2025\/01\/IMGL1825_1_bw-1-2048x1365.jpg 2048w, https:\/\/www.foto-tichy.cz\/wp-content\/uploads\/2025\/01\/IMGL1825_1_bw-1-90x60.jpg 90w, https:\/\/www.foto-tichy.cz\/wp-content\/uploads\/2025\/01\/IMGL1825_1_bw-1-420x280.jpg 420w\" sizes=\"auto, (max-width: 1024px) 100vw, 1024px\" \/><\/div><div class=\"gallery-box-item\"><img loading=\"lazy\" decoding=\"async\" width=\"1024\" height=\"682\" src=\"http:\/\/www.foto-tichy.cz\/wp-content\/uploads\/2024\/09\/IMG_8662_2-1024x682.jpg\" alt=\"\" data-id=\"106\" data-link=\"https:\/\/www.foto-tichy.cz\/?attachment_id=106\" class=\"wp-image-106\" srcset=\"https:\/\/www.foto-tichy.cz\/wp-content\/uploads\/2024\/09\/IMG_8662_2-1024x682.jpg 1024w, https:\/\/www.foto-tichy.cz\/wp-content\/uploads\/2024\/09\/IMG_8662_2-300x200.jpg 300w, https:\/\/www.foto-tichy.cz\/wp-content\/uploads\/2024\/09\/IMG_8662_2-768x511.jpg 768w, https:\/\/www.foto-tichy.cz\/wp-content\/uploads\/2024\/09\/IMG_8662_2.jpg 1500w\" sizes=\"auto, (max-width: 1024px) 100vw, 1024px\" \/><\/div><div class=\"gallery-box-item\"><img loading=\"lazy\" decoding=\"async\" width=\"1024\" height=\"683\" src=\"http:\/\/www.foto-tichy.cz\/wp-content\/uploads\/2025\/01\/IMGL1782_BW-1024x683.jpg\" alt=\"\" data-id=\"665\" data-link=\"https:\/\/www.foto-tichy.cz\/?attachment_id=665\" class=\"wp-image-665\" srcset=\"https:\/\/www.foto-tichy.cz\/wp-content\/uploads\/2025\/01\/IMGL1782_BW-1024x683.jpg 1024w, https:\/\/www.foto-tichy.cz\/wp-content\/uploads\/2025\/01\/IMGL1782_BW-300x200.jpg 300w, https:\/\/www.foto-tichy.cz\/wp-content\/uploads\/2025\/01\/IMGL1782_BW-768x512.jpg 768w, https:\/\/www.foto-tichy.cz\/wp-content\/uploads\/2025\/01\/IMGL1782_BW-1536x1024.jpg 1536w, https:\/\/www.foto-tichy.cz\/wp-content\/uploads\/2025\/01\/IMGL1782_BW-2048x1365.jpg 2048w, https:\/\/www.foto-tichy.cz\/wp-content\/uploads\/2025\/01\/IMGL1782_BW-90x60.jpg 90w, https:\/\/www.foto-tichy.cz\/wp-content\/uploads\/2025\/01\/IMGL1782_BW-420x280.jpg 420w\" sizes=\"auto, (max-width: 1024px) 100vw, 1024px\" \/><\/div><div class=\"gallery-box-item\"><img loading=\"lazy\" decoding=\"async\" width=\"1024\" height=\"731\" src=\"http:\/\/www.foto-tichy.cz\/wp-content\/uploads\/2024\/09\/IMG_7959_1-1024x731.jpg\" alt=\"\" data-id=\"101\" data-link=\"https:\/\/www.foto-tichy.cz\/?attachment_id=101\" class=\"wp-image-101\" srcset=\"https:\/\/www.foto-tichy.cz\/wp-content\/uploads\/2024\/09\/IMG_7959_1-1024x731.jpg 1024w, https:\/\/www.foto-tichy.cz\/wp-content\/uploads\/2024\/09\/IMG_7959_1-300x214.jpg 300w, https:\/\/www.foto-tichy.cz\/wp-content\/uploads\/2024\/09\/IMG_7959_1-768x548.jpg 768w, https:\/\/www.foto-tichy.cz\/wp-content\/uploads\/2024\/09\/IMG_7959_1.jpg 1500w\" sizes=\"auto, (max-width: 1024px) 100vw, 1024px\" \/><\/div><div class=\"gallery-box-item\"><img loading=\"lazy\" decoding=\"async\" width=\"1024\" height=\"683\" src=\"http:\/\/www.foto-tichy.cz\/wp-content\/uploads\/2024\/09\/IMG_8544_2-1024x683.jpg\" alt=\"\" data-id=\"119\" data-link=\"https:\/\/www.foto-tichy.cz\/?attachment_id=119\" class=\"wp-image-119\" srcset=\"https:\/\/www.foto-tichy.cz\/wp-content\/uploads\/2024\/09\/IMG_8544_2-1024x683.jpg 1024w, https:\/\/www.foto-tichy.cz\/wp-content\/uploads\/2024\/09\/IMG_8544_2-300x200.jpg 300w, https:\/\/www.foto-tichy.cz\/wp-content\/uploads\/2024\/09\/IMG_8544_2-768x512.jpg 768w, https:\/\/www.foto-tichy.cz\/wp-content\/uploads\/2024\/09\/IMG_8544_2.jpg 1500w\" sizes=\"auto, (max-width: 1024px) 100vw, 1024px\" \/><\/div><div class=\"gallery-box-item\"><img loading=\"lazy\" decoding=\"async\" width=\"1024\" height=\"683\" src=\"http:\/\/www.foto-tichy.cz\/wp-content\/uploads\/2025\/01\/IMGL1797_Vintage-1024x683.jpg\" alt=\"\" data-id=\"666\" data-link=\"https:\/\/www.foto-tichy.cz\/?attachment_id=666\" class=\"wp-image-666\" srcset=\"https:\/\/www.foto-tichy.cz\/wp-content\/uploads\/2025\/01\/IMGL1797_Vintage-1024x683.jpg 1024w, https:\/\/www.foto-tichy.cz\/wp-content\/uploads\/2025\/01\/IMGL1797_Vintage-300x200.jpg 300w, https:\/\/www.foto-tichy.cz\/wp-content\/uploads\/2025\/01\/IMGL1797_Vintage-768x512.jpg 768w, https:\/\/www.foto-tichy.cz\/wp-content\/uploads\/2025\/01\/IMGL1797_Vintage-1536x1024.jpg 1536w, https:\/\/www.foto-tichy.cz\/wp-content\/uploads\/2025\/01\/IMGL1797_Vintage-2048x1365.jpg 2048w, https:\/\/www.foto-tichy.cz\/wp-content\/uploads\/2025\/01\/IMGL1797_Vintage-90x60.jpg 90w, https:\/\/www.foto-tichy.cz\/wp-content\/uploads\/2025\/01\/IMGL1797_Vintage-420x280.jpg 420w\" sizes=\"auto, (max-width: 1024px) 100vw, 1024px\" \/><\/div><div class=\"gallery-box-item\"><img loading=\"lazy\" decoding=\"async\" width=\"1024\" height=\"683\" src=\"http:\/\/www.foto-tichy.cz\/wp-content\/uploads\/2025\/01\/IMGL1846_BW-1024x683.jpg\" alt=\"\" data-id=\"669\" data-link=\"https:\/\/www.foto-tichy.cz\/?attachment_id=669\" class=\"wp-image-669\" srcset=\"https:\/\/www.foto-tichy.cz\/wp-content\/uploads\/2025\/01\/IMGL1846_BW-1024x683.jpg 1024w, https:\/\/www.foto-tichy.cz\/wp-content\/uploads\/2025\/01\/IMGL1846_BW-300x200.jpg 300w, https:\/\/www.foto-tichy.cz\/wp-content\/uploads\/2025\/01\/IMGL1846_BW-768x512.jpg 768w, https:\/\/www.foto-tichy.cz\/wp-content\/uploads\/2025\/01\/IMGL1846_BW-1536x1024.jpg 1536w, https:\/\/www.foto-tichy.cz\/wp-content\/uploads\/2025\/01\/IMGL1846_BW-2048x1365.jpg 2048w, https:\/\/www.foto-tichy.cz\/wp-content\/uploads\/2025\/01\/IMGL1846_BW-90x60.jpg 90w, https:\/\/www.foto-tichy.cz\/wp-content\/uploads\/2025\/01\/IMGL1846_BW-420x280.jpg 420w\" sizes=\"auto, (max-width: 1024px) 100vw, 1024px\" \/><\/div><div class=\"gallery-box-item\"><img loading=\"lazy\" decoding=\"async\" width=\"1024\" height=\"595\" src=\"http:\/\/www.foto-tichy.cz\/wp-content\/uploads\/2025\/01\/IMGL1721_Summer_-1024x595.jpg\" alt=\"\" data-id=\"633\" data-link=\"https:\/\/www.foto-tichy.cz\/?attachment_id=633\" class=\"wp-image-633\" srcset=\"https:\/\/www.foto-tichy.cz\/wp-content\/uploads\/2025\/01\/IMGL1721_Summer_-1024x595.jpg 1024w, https:\/\/www.foto-tichy.cz\/wp-content\/uploads\/2025\/01\/IMGL1721_Summer_-300x174.jpg 300w, https:\/\/www.foto-tichy.cz\/wp-content\/uploads\/2025\/01\/IMGL1721_Summer_-768x447.jpg 768w, https:\/\/www.foto-tichy.cz\/wp-content\/uploads\/2025\/01\/IMGL1721_Summer_-1536x893.jpg 1536w, https:\/\/www.foto-tichy.cz\/wp-content\/uploads\/2025\/01\/IMGL1721_Summer_-103x60.jpg 103w, https:\/\/www.foto-tichy.cz\/wp-content\/uploads\/2025\/01\/IMGL1721_Summer_.jpg 2000w\" sizes=\"auto, (max-width: 1024px) 100vw, 1024px\" \/><\/div><div class=\"gallery-box-item\"><img loading=\"lazy\" decoding=\"async\" width=\"1024\" height=\"430\" src=\"http:\/\/www.foto-tichy.cz\/wp-content\/uploads\/2025\/01\/cropped-344A7199_-scaled-1-1024x430.jpg\" alt=\"\" data-id=\"416\" data-link=\"https:\/\/www.foto-tichy.cz\/?attachment_id=416\" class=\"wp-image-416\" srcset=\"https:\/\/www.foto-tichy.cz\/wp-content\/uploads\/2025\/01\/cropped-344A7199_-scaled-1-1024x430.jpg 1024w, https:\/\/www.foto-tichy.cz\/wp-content\/uploads\/2025\/01\/cropped-344A7199_-scaled-1-300x126.jpg 300w, https:\/\/www.foto-tichy.cz\/wp-content\/uploads\/2025\/01\/cropped-344A7199_-scaled-1-768x322.jpg 768w, https:\/\/www.foto-tichy.cz\/wp-content\/uploads\/2025\/01\/cropped-344A7199_-scaled-1-1536x645.jpg 1536w, https:\/\/www.foto-tichy.cz\/wp-content\/uploads\/2025\/01\/cropped-344A7199_-scaled-1.jpg 1920w\" sizes=\"auto, (max-width: 1024px) 100vw, 1024px\" \/><\/div><div class=\"gallery-box-item\"><img loading=\"lazy\" decoding=\"async\" width=\"1024\" height=\"507\" src=\"http:\/\/www.foto-tichy.cz\/wp-content\/uploads\/2025\/01\/IMGL1767_Summer-1024x507.jpg\" alt=\"\" data-id=\"676\" data-link=\"https:\/\/www.foto-tichy.cz\/?attachment_id=676\" class=\"wp-image-676\" srcset=\"https:\/\/www.foto-tichy.cz\/wp-content\/uploads\/2025\/01\/IMGL1767_Summer-1024x507.jpg 1024w, https:\/\/www.foto-tichy.cz\/wp-content\/uploads\/2025\/01\/IMGL1767_Summer-300x149.jpg 300w, https:\/\/www.foto-tichy.cz\/wp-content\/uploads\/2025\/01\/IMGL1767_Summer-768x380.jpg 768w, https:\/\/www.foto-tichy.cz\/wp-content\/uploads\/2025\/01\/IMGL1767_Summer-1536x761.jpg 1536w, https:\/\/www.foto-tichy.cz\/wp-content\/uploads\/2025\/01\/IMGL1767_Summer-2048x1014.jpg 2048w, https:\/\/www.foto-tichy.cz\/wp-content\/uploads\/2025\/01\/IMGL1767_Summer-121x60.jpg 121w\" sizes=\"auto, (max-width: 1024px) 100vw, 1024px\" \/><\/div><div class=\"gallery-box-item\"><img loading=\"lazy\" decoding=\"async\" width=\"1024\" height=\"575\" src=\"http:\/\/www.foto-tichy.cz\/wp-content\/uploads\/2025\/01\/IMGL1967_Summer_-1024x575.jpg\" alt=\"\" data-id=\"678\" data-link=\"https:\/\/www.foto-tichy.cz\/?attachment_id=678\" class=\"wp-image-678\" srcset=\"https:\/\/www.foto-tichy.cz\/wp-content\/uploads\/2025\/01\/IMGL1967_Summer_-1024x575.jpg 1024w, https:\/\/www.foto-tichy.cz\/wp-content\/uploads\/2025\/01\/IMGL1967_Summer_-300x168.jpg 300w, https:\/\/www.foto-tichy.cz\/wp-content\/uploads\/2025\/01\/IMGL1967_Summer_-768x431.jpg 768w, https:\/\/www.foto-tichy.cz\/wp-content\/uploads\/2025\/01\/IMGL1967_Summer_-1536x863.jpg 1536w, https:\/\/www.foto-tichy.cz\/wp-content\/uploads\/2025\/01\/IMGL1967_Summer_-2048x1150.jpg 2048w, https:\/\/www.foto-tichy.cz\/wp-content\/uploads\/2025\/01\/IMGL1967_Summer_-107x60.jpg 107w, https:\/\/www.foto-tichy.cz\/wp-content\/uploads\/2025\/01\/IMGL1967_Summer_-840x473.jpg 840w\" sizes=\"auto, (max-width: 1024px) 100vw, 1024px\" \/><\/div><\/div><div class=\"gosign-gallery-box-thumbnail\" data-slick=\"{&quot;slidesToShow&quot;:3,&quot;slidesToScroll&quot;:1,&quot;arrows&quot;:false,&quot;dots&quot;:false,&quot;infinite&quot;:true,&quot;autoplay&quot;:true,&quot;autoplaySpeed&quot;:2000,&quot;asNavFor&quot;:&quot;.gosign-gallery-box-block&quot;,&quot;focusOnSelect&quot;:true,&quot;variableWidth&quot;:true}\"><div class=\"gallery-thumbnail-item\"><img loading=\"lazy\" decoding=\"async\" width=\"1024\" height=\"683\" src=\"http:\/\/www.foto-tichy.cz\/wp-content\/uploads\/2024\/09\/IMG_6055-1024x683.jpg\" alt=\"\" data-id=\"107\" data-link=\"https:\/\/www.foto-tichy.cz\/?attachment_id=107\" class=\"wp-image-107\" srcset=\"https:\/\/www.foto-tichy.cz\/wp-content\/uploads\/2024\/09\/IMG_6055-1024x683.jpg 1024w, https:\/\/www.foto-tichy.cz\/wp-content\/uploads\/2024\/09\/IMG_6055-300x200.jpg 300w, https:\/\/www.foto-tichy.cz\/wp-content\/uploads\/2024\/09\/IMG_6055-768x512.jpg 768w, https:\/\/www.foto-tichy.cz\/wp-content\/uploads\/2024\/09\/IMG_6055.jpg 1500w\" sizes=\"auto, (max-width: 1024px) 100vw, 1024px\" \/><\/div><div class=\"gallery-thumbnail-item\"><img loading=\"lazy\" decoding=\"async\" width=\"1024\" height=\"683\" src=\"http:\/\/www.foto-tichy.cz\/wp-content\/uploads\/2025\/01\/IMGL1825_1_bw-1-1024x683.jpg\" alt=\"\" data-id=\"668\" data-link=\"https:\/\/www.foto-tichy.cz\/?attachment_id=668\" class=\"wp-image-668\" srcset=\"https:\/\/www.foto-tichy.cz\/wp-content\/uploads\/2025\/01\/IMGL1825_1_bw-1-1024x683.jpg 1024w, https:\/\/www.foto-tichy.cz\/wp-content\/uploads\/2025\/01\/IMGL1825_1_bw-1-300x200.jpg 300w, https:\/\/www.foto-tichy.cz\/wp-content\/uploads\/2025\/01\/IMGL1825_1_bw-1-768x512.jpg 768w, https:\/\/www.foto-tichy.cz\/wp-content\/uploads\/2025\/01\/IMGL1825_1_bw-1-1536x1024.jpg 1536w, https:\/\/www.foto-tichy.cz\/wp-content\/uploads\/2025\/01\/IMGL1825_1_bw-1-2048x1365.jpg 2048w, https:\/\/www.foto-tichy.cz\/wp-content\/uploads\/2025\/01\/IMGL1825_1_bw-1-90x60.jpg 90w, https:\/\/www.foto-tichy.cz\/wp-content\/uploads\/2025\/01\/IMGL1825_1_bw-1-420x280.jpg 420w\" sizes=\"auto, (max-width: 1024px) 100vw, 1024px\" \/><\/div><div class=\"gallery-thumbnail-item\"><img loading=\"lazy\" decoding=\"async\" width=\"1024\" height=\"682\" src=\"http:\/\/www.foto-tichy.cz\/wp-content\/uploads\/2024\/09\/IMG_8662_2-1024x682.jpg\" alt=\"\" data-id=\"106\" data-link=\"https:\/\/www.foto-tichy.cz\/?attachment_id=106\" class=\"wp-image-106\" srcset=\"https:\/\/www.foto-tichy.cz\/wp-content\/uploads\/2024\/09\/IMG_8662_2-1024x682.jpg 1024w, https:\/\/www.foto-tichy.cz\/wp-content\/uploads\/2024\/09\/IMG_8662_2-300x200.jpg 300w, https:\/\/www.foto-tichy.cz\/wp-content\/uploads\/2024\/09\/IMG_8662_2-768x511.jpg 768w, https:\/\/www.foto-tichy.cz\/wp-content\/uploads\/2024\/09\/IMG_8662_2.jpg 1500w\" sizes=\"auto, (max-width: 1024px) 100vw, 1024px\" \/><\/div><div class=\"gallery-thumbnail-item\"><img loading=\"lazy\" decoding=\"async\" width=\"1024\" height=\"683\" src=\"http:\/\/www.foto-tichy.cz\/wp-content\/uploads\/2025\/01\/IMGL1782_BW-1024x683.jpg\" alt=\"\" data-id=\"665\" data-link=\"https:\/\/www.foto-tichy.cz\/?attachment_id=665\" class=\"wp-image-665\" srcset=\"https:\/\/www.foto-tichy.cz\/wp-content\/uploads\/2025\/01\/IMGL1782_BW-1024x683.jpg 1024w, https:\/\/www.foto-tichy.cz\/wp-content\/uploads\/2025\/01\/IMGL1782_BW-300x200.jpg 300w, https:\/\/www.foto-tichy.cz\/wp-content\/uploads\/2025\/01\/IMGL1782_BW-768x512.jpg 768w, https:\/\/www.foto-tichy.cz\/wp-content\/uploads\/2025\/01\/IMGL1782_BW-1536x1024.jpg 1536w, https:\/\/www.foto-tichy.cz\/wp-content\/uploads\/2025\/01\/IMGL1782_BW-2048x1365.jpg 2048w, https:\/\/www.foto-tichy.cz\/wp-content\/uploads\/2025\/01\/IMGL1782_BW-90x60.jpg 90w, https:\/\/www.foto-tichy.cz\/wp-content\/uploads\/2025\/01\/IMGL1782_BW-420x280.jpg 420w\" sizes=\"auto, (max-width: 1024px) 100vw, 1024px\" \/><\/div><div class=\"gallery-thumbnail-item\"><img loading=\"lazy\" decoding=\"async\" width=\"1024\" height=\"731\" src=\"http:\/\/www.foto-tichy.cz\/wp-content\/uploads\/2024\/09\/IMG_7959_1-1024x731.jpg\" alt=\"\" data-id=\"101\" data-link=\"https:\/\/www.foto-tichy.cz\/?attachment_id=101\" class=\"wp-image-101\" srcset=\"https:\/\/www.foto-tichy.cz\/wp-content\/uploads\/2024\/09\/IMG_7959_1-1024x731.jpg 1024w, https:\/\/www.foto-tichy.cz\/wp-content\/uploads\/2024\/09\/IMG_7959_1-300x214.jpg 300w, https:\/\/www.foto-tichy.cz\/wp-content\/uploads\/2024\/09\/IMG_7959_1-768x548.jpg 768w, https:\/\/www.foto-tichy.cz\/wp-content\/uploads\/2024\/09\/IMG_7959_1.jpg 1500w\" sizes=\"auto, (max-width: 1024px) 100vw, 1024px\" \/><\/div><div class=\"gallery-thumbnail-item\"><img loading=\"lazy\" decoding=\"async\" width=\"1024\" height=\"683\" src=\"http:\/\/www.foto-tichy.cz\/wp-content\/uploads\/2024\/09\/IMG_8544_2-1024x683.jpg\" alt=\"\" data-id=\"119\" data-link=\"https:\/\/www.foto-tichy.cz\/?attachment_id=119\" class=\"wp-image-119\" srcset=\"https:\/\/www.foto-tichy.cz\/wp-content\/uploads\/2024\/09\/IMG_8544_2-1024x683.jpg 1024w, https:\/\/www.foto-tichy.cz\/wp-content\/uploads\/2024\/09\/IMG_8544_2-300x200.jpg 300w, https:\/\/www.foto-tichy.cz\/wp-content\/uploads\/2024\/09\/IMG_8544_2-768x512.jpg 768w, https:\/\/www.foto-tichy.cz\/wp-content\/uploads\/2024\/09\/IMG_8544_2.jpg 1500w\" sizes=\"auto, (max-width: 1024px) 100vw, 1024px\" \/><\/div><div class=\"gallery-thumbnail-item\"><img loading=\"lazy\" decoding=\"async\" width=\"1024\" height=\"683\" src=\"http:\/\/www.foto-tichy.cz\/wp-content\/uploads\/2025\/01\/IMGL1797_Vintage-1024x683.jpg\" alt=\"\" data-id=\"666\" data-link=\"https:\/\/www.foto-tichy.cz\/?attachment_id=666\" class=\"wp-image-666\" srcset=\"https:\/\/www.foto-tichy.cz\/wp-content\/uploads\/2025\/01\/IMGL1797_Vintage-1024x683.jpg 1024w, https:\/\/www.foto-tichy.cz\/wp-content\/uploads\/2025\/01\/IMGL1797_Vintage-300x200.jpg 300w, https:\/\/www.foto-tichy.cz\/wp-content\/uploads\/2025\/01\/IMGL1797_Vintage-768x512.jpg 768w, https:\/\/www.foto-tichy.cz\/wp-content\/uploads\/2025\/01\/IMGL1797_Vintage-1536x1024.jpg 1536w, https:\/\/www.foto-tichy.cz\/wp-content\/uploads\/2025\/01\/IMGL1797_Vintage-2048x1365.jpg 2048w, https:\/\/www.foto-tichy.cz\/wp-content\/uploads\/2025\/01\/IMGL1797_Vintage-90x60.jpg 90w, https:\/\/www.foto-tichy.cz\/wp-content\/uploads\/2025\/01\/IMGL1797_Vintage-420x280.jpg 420w\" sizes=\"auto, (max-width: 1024px) 100vw, 1024px\" \/><\/div><div class=\"gallery-thumbnail-item\"><img loading=\"lazy\" decoding=\"async\" width=\"1024\" height=\"683\" src=\"http:\/\/www.foto-tichy.cz\/wp-content\/uploads\/2025\/01\/IMGL1846_BW-1024x683.jpg\" alt=\"\" data-id=\"669\" data-link=\"https:\/\/www.foto-tichy.cz\/?attachment_id=669\" class=\"wp-image-669\" srcset=\"https:\/\/www.foto-tichy.cz\/wp-content\/uploads\/2025\/01\/IMGL1846_BW-1024x683.jpg 1024w, https:\/\/www.foto-tichy.cz\/wp-content\/uploads\/2025\/01\/IMGL1846_BW-300x200.jpg 300w, https:\/\/www.foto-tichy.cz\/wp-content\/uploads\/2025\/01\/IMGL1846_BW-768x512.jpg 768w, https:\/\/www.foto-tichy.cz\/wp-content\/uploads\/2025\/01\/IMGL1846_BW-1536x1024.jpg 1536w, https:\/\/www.foto-tichy.cz\/wp-content\/uploads\/2025\/01\/IMGL1846_BW-2048x1365.jpg 2048w, https:\/\/www.foto-tichy.cz\/wp-content\/uploads\/2025\/01\/IMGL1846_BW-90x60.jpg 90w, https:\/\/www.foto-tichy.cz\/wp-content\/uploads\/2025\/01\/IMGL1846_BW-420x280.jpg 420w\" sizes=\"auto, (max-width: 1024px) 100vw, 1024px\" \/><\/div><div class=\"gallery-thumbnail-item\"><img loading=\"lazy\" decoding=\"async\" width=\"1024\" height=\"595\" src=\"http:\/\/www.foto-tichy.cz\/wp-content\/uploads\/2025\/01\/IMGL1721_Summer_-1024x595.jpg\" alt=\"\" data-id=\"633\" data-link=\"https:\/\/www.foto-tichy.cz\/?attachment_id=633\" class=\"wp-image-633\" srcset=\"https:\/\/www.foto-tichy.cz\/wp-content\/uploads\/2025\/01\/IMGL1721_Summer_-1024x595.jpg 1024w, https:\/\/www.foto-tichy.cz\/wp-content\/uploads\/2025\/01\/IMGL1721_Summer_-300x174.jpg 300w, https:\/\/www.foto-tichy.cz\/wp-content\/uploads\/2025\/01\/IMGL1721_Summer_-768x447.jpg 768w, https:\/\/www.foto-tichy.cz\/wp-content\/uploads\/2025\/01\/IMGL1721_Summer_-1536x893.jpg 1536w, https:\/\/www.foto-tichy.cz\/wp-content\/uploads\/2025\/01\/IMGL1721_Summer_-103x60.jpg 103w, https:\/\/www.foto-tichy.cz\/wp-content\/uploads\/2025\/01\/IMGL1721_Summer_.jpg 2000w\" sizes=\"auto, (max-width: 1024px) 100vw, 1024px\" \/><\/div><div class=\"gallery-thumbnail-item\"><img loading=\"lazy\" decoding=\"async\" width=\"1024\" height=\"430\" src=\"http:\/\/www.foto-tichy.cz\/wp-content\/uploads\/2025\/01\/cropped-344A7199_-scaled-1-1024x430.jpg\" alt=\"\" data-id=\"416\" data-link=\"https:\/\/www.foto-tichy.cz\/?attachment_id=416\" class=\"wp-image-416\" srcset=\"https:\/\/www.foto-tichy.cz\/wp-content\/uploads\/2025\/01\/cropped-344A7199_-scaled-1-1024x430.jpg 1024w, https:\/\/www.foto-tichy.cz\/wp-content\/uploads\/2025\/01\/cropped-344A7199_-scaled-1-300x126.jpg 300w, https:\/\/www.foto-tichy.cz\/wp-content\/uploads\/2025\/01\/cropped-344A7199_-scaled-1-768x322.jpg 768w, https:\/\/www.foto-tichy.cz\/wp-content\/uploads\/2025\/01\/cropped-344A7199_-scaled-1-1536x645.jpg 1536w, https:\/\/www.foto-tichy.cz\/wp-content\/uploads\/2025\/01\/cropped-344A7199_-scaled-1.jpg 1920w\" sizes=\"auto, (max-width: 1024px) 100vw, 1024px\" \/><\/div><div class=\"gallery-thumbnail-item\"><img loading=\"lazy\" decoding=\"async\" width=\"1024\" height=\"507\" src=\"http:\/\/www.foto-tichy.cz\/wp-content\/uploads\/2025\/01\/IMGL1767_Summer-1024x507.jpg\" alt=\"\" data-id=\"676\" data-link=\"https:\/\/www.foto-tichy.cz\/?attachment_id=676\" class=\"wp-image-676\" srcset=\"https:\/\/www.foto-tichy.cz\/wp-content\/uploads\/2025\/01\/IMGL1767_Summer-1024x507.jpg 1024w, https:\/\/www.foto-tichy.cz\/wp-content\/uploads\/2025\/01\/IMGL1767_Summer-300x149.jpg 300w, https:\/\/www.foto-tichy.cz\/wp-content\/uploads\/2025\/01\/IMGL1767_Summer-768x380.jpg 768w, https:\/\/www.foto-tichy.cz\/wp-content\/uploads\/2025\/01\/IMGL1767_Summer-1536x761.jpg 1536w, https:\/\/www.foto-tichy.cz\/wp-content\/uploads\/2025\/01\/IMGL1767_Summer-2048x1014.jpg 2048w, https:\/\/www.foto-tichy.cz\/wp-content\/uploads\/2025\/01\/IMGL1767_Summer-121x60.jpg 121w\" sizes=\"auto, (max-width: 1024px) 100vw, 1024px\" \/><\/div><div class=\"gallery-thumbnail-item\"><img loading=\"lazy\" decoding=\"async\" width=\"1024\" height=\"575\" src=\"http:\/\/www.foto-tichy.cz\/wp-content\/uploads\/2025\/01\/IMGL1967_Summer_-1024x575.jpg\" alt=\"\" data-id=\"678\" data-link=\"https:\/\/www.foto-tichy.cz\/?attachment_id=678\" class=\"wp-image-678\" srcset=\"https:\/\/www.foto-tichy.cz\/wp-content\/uploads\/2025\/01\/IMGL1967_Summer_-1024x575.jpg 1024w, https:\/\/www.foto-tichy.cz\/wp-content\/uploads\/2025\/01\/IMGL1967_Summer_-300x168.jpg 300w, https:\/\/www.foto-tichy.cz\/wp-content\/uploads\/2025\/01\/IMGL1967_Summer_-768x431.jpg 768w, https:\/\/www.foto-tichy.cz\/wp-content\/uploads\/2025\/01\/IMGL1967_Summer_-1536x863.jpg 1536w, https:\/\/www.foto-tichy.cz\/wp-content\/uploads\/2025\/01\/IMGL1967_Summer_-2048x1150.jpg 2048w, https:\/\/www.foto-tichy.cz\/wp-content\/uploads\/2025\/01\/IMGL1967_Summer_-107x60.jpg 107w, https:\/\/www.foto-tichy.cz\/wp-content\/uploads\/2025\/01\/IMGL1967_Summer_-840x473.jpg 840w\" sizes=\"auto, (max-width: 1024px) 100vw, 1024px\" \/><\/div><\/div><\/div>\n\n\n\n<hr class=\"wp-block-separator has-alpha-channel-opacity\"\/>\n\n\n\n<h3 class=\"wp-block-heading\">Sportovn\u00ed portfolio<\/h3>\n\n\n\n<figure data-wp-context=\"{&quot;imageId&quot;:&quot;69f37d1e05556&quot;}\" data-wp-interactive=\"core\/image\" data-wp-key=\"69f37d1e05556\" class=\"wp-block-image size-large wp-lightbox-container\"><img loading=\"lazy\" decoding=\"async\" width=\"1024\" height=\"683\" data-wp-class--hide=\"state.isContentHidden\" data-wp-class--show=\"state.isContentVisible\" data-wp-init=\"callbacks.setButtonStyles\" data-wp-on--click=\"actions.showLightbox\" data-wp-on--load=\"callbacks.setButtonStyles\" data-wp-on-window--resize=\"callbacks.setButtonStyles\" src=\"https:\/\/www.foto-tichy.cz\/wp-content\/uploads\/2024\/09\/Adela_004BW-1024x683.jpg\" alt=\"\" class=\"wp-image-126\" srcset=\"https:\/\/www.foto-tichy.cz\/wp-content\/uploads\/2024\/09\/Adela_004BW-1024x683.jpg 1024w, https:\/\/www.foto-tichy.cz\/wp-content\/uploads\/2024\/09\/Adela_004BW-300x200.jpg 300w, https:\/\/www.foto-tichy.cz\/wp-content\/uploads\/2024\/09\/Adela_004BW-768x512.jpg 768w, https:\/\/www.foto-tichy.cz\/wp-content\/uploads\/2024\/09\/Adela_004BW.jpg 1500w\" sizes=\"auto, (max-width: 1024px) 100vw, 1024px\" \/><button\n\t\t\tclass=\"lightbox-trigger\"\n\t\t\ttype=\"button\"\n\t\t\taria-haspopup=\"dialog\"\n\t\t\taria-label=\"Zv\u011bt\u0161it\"\n\t\t\tdata-wp-init=\"callbacks.initTriggerButton\"\n\t\t\tdata-wp-on--click=\"actions.showLightbox\"\n\t\t\tdata-wp-style--right=\"state.imageButtonRight\"\n\t\t\tdata-wp-style--top=\"state.imageButtonTop\"\n\t\t>\n\t\t\t<svg xmlns=\"http:\/\/www.w3.org\/2000\/svg\" width=\"12\" height=\"12\" fill=\"none\" viewBox=\"0 0 12 12\">\n\t\t\t\t<path fill=\"#fff\" d=\"M2 0a2 2 0 0 0-2 2v2h1.5V2a.5.5 0 0 1 .5-.5h2V0H2Zm2 10.5H2a.5.5 0 0 1-.5-.5V8H0v2a2 2 0 0 0 2 2h2v-1.5ZM8 12v-1.5h2a.5.5 0 0 0 .5-.5V8H12v2a2 2 0 0 1-2 2H8Zm2-12a2 2 0 0 1 2 2v2h-1.5V2a.5.5 0 0 0-.5-.5H8V0h2Z\" \/>\n\t\t\t<\/svg>\n\t\t<\/button><\/figure>\n\n\n\n<figure class=\"wp-block-gallery has-nested-images columns-2 is-cropped wp-block-gallery-1 is-layout-flex wp-block-gallery-is-layout-flex\">\n<figure data-wp-context=\"{&quot;imageId&quot;:&quot;69f37d1e05a5e&quot;}\" data-wp-interactive=\"core\/image\" data-wp-key=\"69f37d1e05a5e\" class=\"wp-block-image size-large wp-lightbox-container\"><img loading=\"lazy\" decoding=\"async\" width=\"683\" height=\"1024\" data-wp-class--hide=\"state.isContentHidden\" data-wp-class--show=\"state.isContentVisible\" data-wp-init=\"callbacks.setButtonStyles\" data-wp-on--click=\"actions.showLightbox\" data-wp-on--load=\"callbacks.setButtonStyles\" data-wp-on-window--resize=\"callbacks.setButtonStyles\" data-id=\"222\" src=\"https:\/\/www.foto-tichy.cz\/wp-content\/uploads\/2024\/09\/Adela_003-1-683x1024.jpg\" alt=\"\" class=\"wp-image-222\" srcset=\"https:\/\/www.foto-tichy.cz\/wp-content\/uploads\/2024\/09\/Adela_003-1-683x1024.jpg 683w, https:\/\/www.foto-tichy.cz\/wp-content\/uploads\/2024\/09\/Adela_003-1-200x300.jpg 200w, https:\/\/www.foto-tichy.cz\/wp-content\/uploads\/2024\/09\/Adela_003-1-768x1152.jpg 768w, https:\/\/www.foto-tichy.cz\/wp-content\/uploads\/2024\/09\/Adela_003-1.jpg 1000w\" sizes=\"auto, (max-width: 683px) 100vw, 683px\" \/><button\n\t\t\tclass=\"lightbox-trigger\"\n\t\t\ttype=\"button\"\n\t\t\taria-haspopup=\"dialog\"\n\t\t\taria-label=\"Zv\u011bt\u0161it\"\n\t\t\tdata-wp-init=\"callbacks.initTriggerButton\"\n\t\t\tdata-wp-on--click=\"actions.showLightbox\"\n\t\t\tdata-wp-style--right=\"state.imageButtonRight\"\n\t\t\tdata-wp-style--top=\"state.imageButtonTop\"\n\t\t>\n\t\t\t<svg xmlns=\"http:\/\/www.w3.org\/2000\/svg\" width=\"12\" height=\"12\" fill=\"none\" viewBox=\"0 0 12 12\">\n\t\t\t\t<path fill=\"#fff\" d=\"M2 0a2 2 0 0 0-2 2v2h1.5V2a.5.5 0 0 1 .5-.5h2V0H2Zm2 10.5H2a.5.5 0 0 1-.5-.5V8H0v2a2 2 0 0 0 2 2h2v-1.5ZM8 12v-1.5h2a.5.5 0 0 0 .5-.5V8H12v2a2 2 0 0 1-2 2H8Zm2-12a2 2 0 0 1 2 2v2h-1.5V2a.5.5 0 0 0-.5-.5H8V0h2Z\" \/>\n\t\t\t<\/svg>\n\t\t<\/button><\/figure>\n\n\n\n<figure data-wp-context=\"{&quot;imageId&quot;:&quot;69f37d1e061b4&quot;}\" data-wp-interactive=\"core\/image\" data-wp-key=\"69f37d1e061b4\" class=\"wp-block-image size-large wp-lightbox-container\"><img loading=\"lazy\" decoding=\"async\" width=\"731\" height=\"1024\" data-wp-class--hide=\"state.isContentHidden\" data-wp-class--show=\"state.isContentVisible\" data-wp-init=\"callbacks.setButtonStyles\" data-wp-on--click=\"actions.showLightbox\" data-wp-on--load=\"callbacks.setButtonStyles\" data-wp-on-window--resize=\"callbacks.setButtonStyles\" data-id=\"121\" src=\"https:\/\/www.foto-tichy.cz\/wp-content\/uploads\/2024\/09\/IMG_8364_3-731x1024.jpg\" alt=\"\" class=\"wp-image-121\" srcset=\"https:\/\/www.foto-tichy.cz\/wp-content\/uploads\/2024\/09\/IMG_8364_3-731x1024.jpg 731w, https:\/\/www.foto-tichy.cz\/wp-content\/uploads\/2024\/09\/IMG_8364_3-214x300.jpg 214w, https:\/\/www.foto-tichy.cz\/wp-content\/uploads\/2024\/09\/IMG_8364_3-768x1076.jpg 768w, https:\/\/www.foto-tichy.cz\/wp-content\/uploads\/2024\/09\/IMG_8364_3.jpg 1071w\" sizes=\"auto, (max-width: 731px) 100vw, 731px\" \/><button\n\t\t\tclass=\"lightbox-trigger\"\n\t\t\ttype=\"button\"\n\t\t\taria-haspopup=\"dialog\"\n\t\t\taria-label=\"Zv\u011bt\u0161it\"\n\t\t\tdata-wp-init=\"callbacks.initTriggerButton\"\n\t\t\tdata-wp-on--click=\"actions.showLightbox\"\n\t\t\tdata-wp-style--right=\"state.imageButtonRight\"\n\t\t\tdata-wp-style--top=\"state.imageButtonTop\"\n\t\t>\n\t\t\t<svg xmlns=\"http:\/\/www.w3.org\/2000\/svg\" width=\"12\" height=\"12\" fill=\"none\" viewBox=\"0 0 12 12\">\n\t\t\t\t<path fill=\"#fff\" d=\"M2 0a2 2 0 0 0-2 2v2h1.5V2a.5.5 0 0 1 .5-.5h2V0H2Zm2 10.5H2a.5.5 0 0 1-.5-.5V8H0v2a2 2 0 0 0 2 2h2v-1.5ZM8 12v-1.5h2a.5.5 0 0 0 .5-.5V8H12v2a2 2 0 0 1-2 2H8Zm2-12a2 2 0 0 1 2 2v2h-1.5V2a.5.5 0 0 0-.5-.5H8V0h2Z\" \/>\n\t\t\t<\/svg>\n\t\t<\/button><\/figure>\n\n\n\n<figure data-wp-context=\"{&quot;imageId&quot;:&quot;69f37d1e0651b&quot;}\" data-wp-interactive=\"core\/image\" data-wp-key=\"69f37d1e0651b\" class=\"wp-block-image size-large wp-lightbox-container\"><img loading=\"lazy\" decoding=\"async\" width=\"933\" height=\"1024\" data-wp-class--hide=\"state.isContentHidden\" data-wp-class--show=\"state.isContentVisible\" data-wp-init=\"callbacks.setButtonStyles\" data-wp-on--click=\"actions.showLightbox\" data-wp-on--load=\"callbacks.setButtonStyles\" data-wp-on-window--resize=\"callbacks.setButtonStyles\" data-id=\"92\" src=\"https:\/\/www.foto-tichy.cz\/wp-content\/uploads\/2024\/09\/IMG_8090_1-933x1024.jpg\" alt=\"\" class=\"wp-image-92\" srcset=\"https:\/\/www.foto-tichy.cz\/wp-content\/uploads\/2024\/09\/IMG_8090_1-933x1024.jpg 933w, https:\/\/www.foto-tichy.cz\/wp-content\/uploads\/2024\/09\/IMG_8090_1-273x300.jpg 273w, https:\/\/www.foto-tichy.cz\/wp-content\/uploads\/2024\/09\/IMG_8090_1-768x843.jpg 768w, https:\/\/www.foto-tichy.cz\/wp-content\/uploads\/2024\/09\/IMG_8090_1.jpg 1366w\" sizes=\"auto, (max-width: 933px) 100vw, 933px\" \/><button\n\t\t\tclass=\"lightbox-trigger\"\n\t\t\ttype=\"button\"\n\t\t\taria-haspopup=\"dialog\"\n\t\t\taria-label=\"Zv\u011bt\u0161it\"\n\t\t\tdata-wp-init=\"callbacks.initTriggerButton\"\n\t\t\tdata-wp-on--click=\"actions.showLightbox\"\n\t\t\tdata-wp-style--right=\"state.imageButtonRight\"\n\t\t\tdata-wp-style--top=\"state.imageButtonTop\"\n\t\t>\n\t\t\t<svg xmlns=\"http:\/\/www.w3.org\/2000\/svg\" width=\"12\" height=\"12\" fill=\"none\" viewBox=\"0 0 12 12\">\n\t\t\t\t<path fill=\"#fff\" d=\"M2 0a2 2 0 0 0-2 2v2h1.5V2a.5.5 0 0 1 .5-.5h2V0H2Zm2 10.5H2a.5.5 0 0 1-.5-.5V8H0v2a2 2 0 0 0 2 2h2v-1.5ZM8 12v-1.5h2a.5.5 0 0 0 .5-.5V8H12v2a2 2 0 0 1-2 2H8Zm2-12a2 2 0 0 1 2 2v2h-1.5V2a.5.5 0 0 0-.5-.5H8V0h2Z\" \/>\n\t\t\t<\/svg>\n\t\t<\/button><\/figure>\n<\/figure>\n\n\n\n<figure data-wp-context=\"{&quot;imageId&quot;:&quot;69f37d1e0690e&quot;}\" data-wp-interactive=\"core\/image\" data-wp-key=\"69f37d1e0690e\" class=\"wp-block-image size-large wp-lightbox-container\"><img loading=\"lazy\" decoding=\"async\" width=\"1024\" height=\"683\" data-wp-class--hide=\"state.isContentHidden\" data-wp-class--show=\"state.isContentVisible\" data-wp-init=\"callbacks.setButtonStyles\" data-wp-on--click=\"actions.showLightbox\" data-wp-on--load=\"callbacks.setButtonStyles\" data-wp-on-window--resize=\"callbacks.setButtonStyles\" src=\"https:\/\/www.foto-tichy.cz\/wp-content\/uploads\/2024\/09\/Adela_001-1024x683.jpg\" alt=\"\" class=\"wp-image-125\" srcset=\"https:\/\/www.foto-tichy.cz\/wp-content\/uploads\/2024\/09\/Adela_001-1024x683.jpg 1024w, https:\/\/www.foto-tichy.cz\/wp-content\/uploads\/2024\/09\/Adela_001-300x200.jpg 300w, https:\/\/www.foto-tichy.cz\/wp-content\/uploads\/2024\/09\/Adela_001-768x513.jpg 768w, https:\/\/www.foto-tichy.cz\/wp-content\/uploads\/2024\/09\/Adela_001.jpg 1500w\" sizes=\"auto, (max-width: 1024px) 100vw, 1024px\" \/><button\n\t\t\tclass=\"lightbox-trigger\"\n\t\t\ttype=\"button\"\n\t\t\taria-haspopup=\"dialog\"\n\t\t\taria-label=\"Zv\u011bt\u0161it\"\n\t\t\tdata-wp-init=\"callbacks.initTriggerButton\"\n\t\t\tdata-wp-on--click=\"actions.showLightbox\"\n\t\t\tdata-wp-style--right=\"state.imageButtonRight\"\n\t\t\tdata-wp-style--top=\"state.imageButtonTop\"\n\t\t>\n\t\t\t<svg xmlns=\"http:\/\/www.w3.org\/2000\/svg\" width=\"12\" height=\"12\" fill=\"none\" viewBox=\"0 0 12 12\">\n\t\t\t\t<path fill=\"#fff\" d=\"M2 0a2 2 0 0 0-2 2v2h1.5V2a.5.5 0 0 1 .5-.5h2V0H2Zm2 10.5H2a.5.5 0 0 1-.5-.5V8H0v2a2 2 0 0 0 2 2h2v-1.5ZM8 12v-1.5h2a.5.5 0 0 0 .5-.5V8H12v2a2 2 0 0 1-2 2H8Zm2-12a2 2 0 0 1 2 2v2h-1.5V2a.5.5 0 0 0-.5-.5H8V0h2Z\" \/>\n\t\t\t<\/svg>\n\t\t<\/button><\/figure>\n\n\n\n<div class=\"wp-block-group alignfull has-base-color has-contrast-background-color has-text-color has-background has-link-color wp-elements-076d8958b3398e3844534af9ccfa216f\" style=\"margin-top:0;margin-bottom:0;padding-top:var(--wp--preset--spacing--50);padding-right:var(--wp--preset--spacing--50);padding-bottom:var(--wp--preset--spacing--50);padding-left:var(--wp--preset--spacing--50)\"><div class=\"wp-block-group__inner-container is-layout-constrained wp-container-core-group-is-layout-9cf8f26d wp-block-group-is-layout-constrained\">\n<h2 class=\"wp-block-heading alignwide is-style-default has-base-color has-text-color has-link-color wp-elements-5afbee597d4a47e55f82aa7672d7a321\" style=\"font-size:2.6rem;letter-spacing:-0.02em\">\u010cast\u00e9 dotazy<\/h2>\n\n\n\n<div class=\"wp-block-group alignwide\"><div class=\"wp-block-group__inner-container is-layout-flow wp-block-group-is-layout-flow\">\n<hr class=\"wp-block-separator has-text-color has-base-color has-alpha-channel-opacity has-base-background-color has-background is-style-wide\" style=\"margin-top:var(--wp--preset--spacing--30);margin-bottom:var(--wp--preset--spacing--30)\"\/>\n\n\n\n<h3 class=\"wp-block-heading alignwide has-base-2-color has-text-color has-link-color wp-elements-9d20cd4fd69457c33ca1eeece1c0184e\">Kdy je mo\u017eno fotit?<\/h3>\n\n\n\n<p class=\"has-contrast-1-color has-text-color has-link-color wp-elements-dca4478335bb5d96d5c850cae72f7095\">Term\u00edn focen\u00ed je t\u0159eba dojednat p\u0159edem. <\/p>\n\n\n\n<hr class=\"wp-block-separator has-text-color has-base-color has-alpha-channel-opacity has-base-background-color has-background is-style-wide\" style=\"margin-top:var(--wp--preset--spacing--30);margin-bottom:var(--wp--preset--spacing--30)\"\/>\n\n\n\n<div style=\"margin-top:var(--wp--preset--spacing--10);margin-bottom:0;height:0px\" aria-hidden=\"true\" class=\"wp-block-spacer\"><\/div>\n\n\n\n<div class=\"wp-block-group alignwide\"><div class=\"wp-block-group__inner-container is-layout-flow wp-block-group-is-layout-flow\">\n<h3 class=\"wp-block-heading alignwide has-base-2-color has-text-color has-link-color wp-elements-1e187d63963ccca4491b03b8515b365e\">Co s sebou na focen\u00ed?<\/h3>\n\n\n\n<p class=\"has-contrast-1-color has-text-color has-link-color wp-elements-a16ef95c406059e55fc90ffdb273aefb\">Konkr\u00e9tn\u00ed oble\u010den\u00ed, \u010di rekvizity domluv\u00edme tak\u00e9 p\u0159edem, atelier m\u00e1me vybaven\u00fd, ov\u0161em pokud m\u00e1te cokoli sv\u00e9ho, co by jste r\u00e1di m\u011bli na fotografi\u00edch, nebo co maj\u00ed va\u010de d\u011bti r\u00e1dy, berte ur\u010dit\u011b tak\u00e9 s sebou \ud83d\ude42 .<\/p>\n<\/div><\/div>\n<\/div><\/div>\n<\/div><\/div>\n\n\n\n<div class=\"wp-block-group alignfull has-background-color has-white-color has-black-background-color has-text-color has-background has-link-color wp-elements-704432683c966ad693bb620c1ab6ee37 is-vertical is-content-justification-stretch is-layout-flex wp-container-core-group-is-layout-47eb2bc5 wp-block-group-is-layout-flex\" style=\"min-height:40vh;margin-top:0;margin-bottom:0;padding-top:var(--wp--preset--spacing--60);padding-right:var(--wp--preset--spacing--40);padding-bottom:var(--wp--preset--spacing--60);padding-left:var(--wp--preset--spacing--40)\">\n<div class=\"wp-block-columns alignwide has-small-font-size is-layout-flex wp-container-core-columns-is-layout-9d6595d7 wp-block-columns-is-layout-flex\">\n<div class=\"wp-block-column is-layout-flow wp-block-column-is-layout-flow\">\n<p class=\"has-text-align-center\">Adresa<\/p>\n\n\n\n<p class=\"has-text-align-center\">Palack\u00e9ho t\u0159\u00edda 51\/20,&nbsp;<br>Nymburk, PS\u010c 288 02<br>\u010cesk\u00e1 republika<\/p>\n\n\n\n<div style=\"height:24px\" aria-hidden=\"true\" class=\"wp-block-spacer\"><\/div>\n<\/div>\n\n\n\n<div class=\"wp-block-column is-layout-flow wp-block-column-is-layout-flow\">\n<p class=\"has-text-align-center\">str\u00e1nky<\/p>\n\n\n<nav class=\"has-small-font-size items-justified-center is-vertical no-wrap wp-block-navigation is-content-justification-center is-nowrap is-layout-flex wp-container-core-navigation-is-layout-685400d0 wp-block-navigation-is-layout-flex\" aria-label=\"Navigace 3\"><ul class=\"wp-block-navigation__container has-small-font-size items-justified-center is-vertical no-wrap wp-block-navigation has-small-font-size\"><li class=\"has-small-font-size wp-block-navigation-item wp-block-navigation-link\"><a class=\"wp-block-navigation-item__content\"  href=\"https:\/\/www.foto-tichy.cz\/?page_id=192\"><span class=\"wp-block-navigation-item__label\">Atelier<\/span><\/a><\/li><li class=\"has-small-font-size wp-block-navigation-item wp-block-navigation-link\"><a class=\"wp-block-navigation-item__content\"  href=\"http:\/\/www.foto-tichy.cz\/?page_id=173\"><span class=\"wp-block-navigation-item__label\">.. o mn\u011b<\/span><\/a><\/li><li class=\"has-small-font-size wp-block-navigation-item wp-block-navigation-link\"><a class=\"wp-block-navigation-item__content\"  href=\"https:\/\/www.fototichy.com\/\" target=\"_blank\"  ><span class=\"wp-block-navigation-item__label\">st\u00e1vaj\u00edc\u00ed str\u00e1nky<\/span><\/a><\/li><li class=\"has-small-font-size wp-block-navigation-item wp-block-navigation-link\"><a class=\"wp-block-navigation-item__content\"  href=\"https:\/\/shop.fotomarket.cz\/\" target=\"_blank\"  ><span class=\"wp-block-navigation-item__label\">E-Shop Fotomarket<\/span><\/a><\/li><\/ul><\/nav>\n\n\n<div style=\"height:24px\" aria-hidden=\"true\" class=\"wp-block-spacer\"><\/div>\n<\/div>\n\n\n\n<div class=\"wp-block-column is-layout-flow wp-block-column-is-layout-flow\">\n<p class=\"has-text-align-center\">Follow us<\/p>\n\n\n\n<div class=\"wp-block-group is-vertical is-content-justification-center is-layout-flex wp-container-core-group-is-layout-bdd043ae wp-block-group-is-layout-flex\">\n<p><a href=\"https:\/\/www.facebook.com\/fotoateliertichy\" target=\"_blank\" rel=\"noreferrer noopener\">Facebook<\/a><\/p>\n\n\n\n<p><a href=\"https:\/\/www.instagram.com\/fotoatelier_tichy\/\" target=\"_blank\" rel=\"noreferrer noopener\">Instagram<\/a><\/p>\n<\/div>\n\n\n\n<div style=\"height:24px\" aria-hidden=\"true\" class=\"wp-block-spacer\"><\/div>\n<\/div>\n<\/div>\n\n\n\n<div class=\"wp-block-group alignwide is-content-justification-center is-layout-flex wp-container-core-group-is-layout-5590e8cb wp-block-group-is-layout-flex\">\n<p class=\"has-text-align-center has-small-font-size\">Vytvo\u0159il Petr Tich\u00fd,   2023<\/p>\n<\/div>\n<\/div>\n","protected":false},"excerpt":{"rendered":"<p>Kalend\u00e1\u0159 voln\u00fdch term\u00edn\u016f Ateli\u00e9rov\u00e9 focen\u00ed Ateli\u00e9r je m\u00edsto, kde se potk\u00e1v\u00e1 sv\u011btlo, n\u00e1lada a osobnost.Fot\u00edm v n\u011bm u\u017e v\u00edc ne\u017e 20 let \u2013 rodiny, jednotlivce i p\u00e1ry. Ka\u017ed\u00e9 focen\u00ed je jin\u00e9, proto\u017ee ka\u017ed\u00fd \u010dlov\u011bk p\u0159in\u00e1\u0161\u00ed sv\u016fj p\u0159\u00edb\u011bh a energii. Focen\u00ed m\u016f\u017ee b\u00fdt klidn\u00e9 a rodinn\u00e9, osobn\u00ed portr\u00e9t pro v\u00e1s samotn\u00e9 nebo jemn\u00fd boudoir s d\u016frazem &hellip; <\/p>\n","protected":false},"author":1,"featured_media":357,"parent":0,"menu_order":0,"comment_status":"closed","ping_status":"closed","template":"","meta":{"footnotes":""},"class_list":["post-192","page","type-page","status-publish","has-post-thumbnail","hentry"],"_links":{"self":[{"href":"https:\/\/www.foto-tichy.cz\/index.php?rest_route=\/wp\/v2\/pages\/192","targetHints":{"allow":["GET"]}}],"collection":[{"href":"https:\/\/www.foto-tichy.cz\/index.php?rest_route=\/wp\/v2\/pages"}],"about":[{"href":"https:\/\/www.foto-tichy.cz\/index.php?rest_route=\/wp\/v2\/types\/page"}],"author":[{"embeddable":true,"href":"https:\/\/www.foto-tichy.cz\/index.php?rest_route=\/wp\/v2\/users\/1"}],"replies":[{"embeddable":true,"href":"https:\/\/www.foto-tichy.cz\/index.php?rest_route=%2Fwp%2Fv2%2Fcomments&post=192"}],"version-history":[{"count":93,"href":"https:\/\/www.foto-tichy.cz\/index.php?rest_route=\/wp\/v2\/pages\/192\/revisions"}],"predecessor-version":[{"id":920,"href":"https:\/\/www.foto-tichy.cz\/index.php?rest_route=\/wp\/v2\/pages\/192\/revisions\/920"}],"wp:featuredmedia":[{"embeddable":true,"href":"https:\/\/www.foto-tichy.cz\/index.php?rest_route=\/wp\/v2\/media\/357"}],"wp:attachment":[{"href":"https:\/\/www.foto-tichy.cz\/index.php?rest_route=%2Fwp%2Fv2%2Fmedia&parent=192"}],"curies":[{"name":"wp","href":"https:\/\/api.w.org\/{rel}","templated":true}]}}